{"id":2919,"date":"2025-03-24T14:45:58","date_gmt":"2025-03-24T12:45:58","guid":{"rendered":"https:\/\/www.aue-stiftung.org\/?post_type=aue-forum&#038;p=2919"},"modified":"2025-03-24T14:45:59","modified_gmt":"2025-03-24T12:45:59","slug":"laudatio-von-dr-manuel-mueller-an-lukas-hradecky-empfaenger-der-medaille-fuer-verdienste-um-frieden-und-verstaendigung-am-18-maerz-2025","status":"publish","type":"aue-forum","link":"https:\/\/www.aue-stiftung.org\/de\/aue-foorumi\/laudatio-von-dr-manuel-mueller-an-lukas-hradecky-empfaenger-der-medaille-fuer-verdienste-um-frieden-und-verstaendigung-am-18-maerz-2025\/","title":{"rendered":"Laudatio von Dr. Manuel M\u00fcller an Lukas Hradeck\u00fd, Empf\u00e4nger der Medaille f\u00fcr Verdienste um Frieden und Verst\u00e4ndigung, am 18. M\u00e4rz 2025"},"content":{"rendered":"\n<figure class=\"wp-block-image size-large\"><img loading=\"lazy\" decoding=\"async\" width=\"1280\" height=\"853\" src=\"https:\/\/www.aue-stiftung.org\/wp-content\/uploads\/2025\/03\/AUE-40v-18.3.2025-197-1280x853.jpg\" alt=\"\" class=\"wp-image-2920\" srcset=\"https:\/\/www.aue-stiftung.org\/wp-content\/uploads\/2025\/03\/AUE-40v-18.3.2025-197-1280x853.jpg 1280w, https:\/\/www.aue-stiftung.org\/wp-content\/uploads\/2025\/03\/AUE-40v-18.3.2025-197-640x427.jpg 640w, https:\/\/www.aue-stiftung.org\/wp-content\/uploads\/2025\/03\/AUE-40v-18.3.2025-197-768x512.jpg 768w, https:\/\/www.aue-stiftung.org\/wp-content\/uploads\/2025\/03\/AUE-40v-18.3.2025-197-1536x1024.jpg 1536w, https:\/\/www.aue-stiftung.org\/wp-content\/uploads\/2025\/03\/AUE-40v-18.3.2025-197-2048x1366.jpg 2048w\" sizes=\"auto, (max-width: 1280px) 100vw, 1280px\" \/><figcaption class=\"wp-element-caption\">Dr. Manuel M\u00fcller. Fotograf: Markku Pajunen<\/figcaption><\/figure>\n\n\n\n<p>Exzellenzen, meine Damen und Herren,<\/p>\n\n\n\n<p>Lukas Hradeck\u00fd in diesem Rahmen vorzustellen, ist mit Sicherheit nicht notwendig: Als Torwart der finnischen Fu\u00dfball-Nationalmannschaft ist er in Finnland wie in Deutschland einer weiten \u00d6ffentlichkeit bekannt. Ich will deshalb nur einige seiner bisherigen Titel und Auszeichnungen aufz\u00e4hlen: Lukas Hradeck\u00fd war d\u00e4nischer Pokalsieger 2013 mit Esbjerg fB, deutscher Pokalsieger 2018 mit Eintracht Frankfurt, deutscher Meister, Pokalsieger, Supercup-Sieger sowie Europa-League-Finalist mit Bayer Leverkusen 2024, finnischer Nationaltorwart seit 2010, Teilnehmer an der Europameisterschaft 2021, Torwart des Jahres der d\u00e4nischen Liga 2013, Torwart des Jahres der deutschen Bundesliga 2018, finnischer Fu\u00dfballer des Jahres 2016, 2017, 2018, 2021, 2023 und 2024 sowie finnischer Sportler des Jahres 2020.<\/p>\n\n\n\n<p>Wie man sieht: Fu\u00dfballer, zumal so erfolgreiche, werden h\u00e4ufig ausgezeichnet. Aber nicht unbedingt f\u00fcr das, worum es hier und heute geht. Lukas Hradeck\u00fd wird heute die Medaille f\u00fcr Verdienste um Frieden und Verst\u00e4ndigung der Aue-Stiftung verliehen. Die Medaille geht alle f\u00fcnf Jahre an eine Person, die durch ihre Aktivit\u00e4ten die Beziehungen zwischen Finnland und dem deutschsprachigen Europa vertieft und so zum friedlichen Zusammenleben \u00fcber Landesgrenzen hinweg beigetragen hat.<\/p>\n\n\n\n<p>Das erkl\u00e4rt auch, warum als Laudator hier ein Forscher aus dem Europa-Programm des Finnish Institute of International Affairs steht. Ginge es nur um fu\u00dfballerische Qualit\u00e4ten, h\u00e4tte man wohl kaum mich gebeten. Immerhin kann ich aber sagen, dass Lukas Hradeck\u00fd auch mein eigenes pers\u00f6nliches Leben ver\u00e4ndert hat.<\/p>\n\n\n\n<p>Es war im Jahr 2021, als ich eigentlich noch in Berlin t\u00e4tig war, aber als Gastwissenschaftler an der Uni Helsinki einige Monate mit meiner Familie in Finnland verbrachte. Genau in diese Zeit fiel die Fu\u00dfball-Europameisterschaft, und mehrere Tage lang konnte man im Fernsehen nahezu in Dauerschleife einen bestimmten Elfmeter sehen und den Kommentator jubeln h\u00f6ren: \u201eHradeck\u00fd torjuu!\u201c Mein damals f\u00fcnfj\u00e4hriger Sohn war davon schwer begeistert, und als er dann auch noch herausfand, dass Lukas Hradeck\u00fd in der Bundesliga spielt, hatte ich pl\u00f6tzlich einen Leverkusen-Fan im Haus. Das kam f\u00fcr mich unerwartet. Aber angesichts dessen, was in den Jahren danach mit Leverkusen passierte, kann man sagen: Gerade noch rechtzeitig.<\/p>\n\n\n\n<p>Doch nicht nur f\u00fcr meinen Sohn war Lukas Hradeck\u00fd die sportliche Br\u00fccke zwischen Finnland, Deutschland und Europa. Geboren 1989 in Bratislava, zog Lukas Hradeck\u00fd als Kind nach Turku, wo sein Vater einen Vertrag als Volleyballspieler bekommen hatte. In Turku begann dann auch seine eigene Laufbahn als Fu\u00dfballer, die ihn aber schon bald wieder ins europ\u00e4ische Ausland f\u00fchrte. 2009 wechselte er nach D\u00e4nemark, 2015 kam er nach Deutschland, wo er zuerst in Frankfurt und seit 2018 in Leverkusen spielte.<\/p>\n\n\n\n<p>Bei all diesen Stationen hat sich Lukas Hradeck\u00fd nicht nur auf dem Platz ausgezeichnet, sondern auch abseits davon. Da ist zun\u00e4chst einmal nat\u00fcrlich sein gro\u00dfes Sprachtalent: In welches Land er auch zog, entweder sprach er die Sprache bereits oder er lernte sie in kurzer Zeit. Er beherrscht Slowakisch, Finnisch, Deutsch, Englisch, D\u00e4nisch und Schwedisch. Und er<\/p>\n\n\n\n<p>beherrscht diese Sprachen nicht nur, er wei\u00df sie auch im Umgang mit Menschen zu nutzen. Ob in der BayArena oder mit dem Nationalteam in der Pohjoiskaarre: Es gibt wenige Spieler, die so herzlich und offen mit ihren Fans kommunizieren. Mit seiner lockeren Art und seinem Humor tut er vielleicht ebenso viel f\u00fcr die Freude am Fu\u00dfball wie mit seinen glanzvollen Paraden. Und nat\u00fcrlich mit seinen legend\u00e4ren Ausspr\u00fcchen \u2013 in der Zitate-Datenbank der Humboldt-Universit\u00e4t zu Berlin finden sich zu Lukas Hradeck\u00fd derzeit 195 Eintr\u00e4ge.<\/p>\n\n\n\n<p>Als er in seiner ersten Saison in Deutschland mit Eintracht Frankfurt in den Abstiegskampf geriet, gab es in der deutschen \u00d6ffentlichkeit auch Kritik an der sehr internationalen Zusammenstellung des Kaders. Die Vielsprachigkeit, so hie\u00df es, erschwere die Kommunikation im Team. Lukas Hradeck\u00fd trat dem damals in einem Interview entgegen und erkl\u00e4rte, die Vielfalt der Kulturen \u201ebereichert jeden pers\u00f6nlich und auch das Mannschaftsgef\u00fcge\u201c. Eine gemeinsame Sprache helfe nat\u00fcrlich. Aber vor allem gehe es im Team darum, \u201ewie gut man aufeinander abgestimmt ist und wie gut man sich kennt\u201c.<\/p>\n\n\n\n<p>Lukas Hradeck\u00fd hat einen gro\u00dfen Beitrag geleistet, damit die Menschen in Deutschland und Finnland sich besser kennen lernen. Er hat in deutschen Medien finnische Weihnachtstraditionen erkl\u00e4rt; er hat in finnischen Medien die deutsche Bierkultur gelobt. Er ist in der deutschen \u00d6ffentlichkeit zum Gesicht des finnischen Fu\u00dfballs geworden, ja vielleicht zu einem der bekanntesten finnischen Gesichter \u00fcberhaupt. Und er hat im Sommer 2018 im finnischen Fernsehen festgehalten, dass (Zitat) \u201eei Saksa ole paska maa\u201c. Sch\u00f6ner l\u00e4sst sich das eigentlich nicht sagen.<\/p>\n\n\n\n<p>Lukas Hradeck\u00fd ist immer seinen eigenen Weg gegangen und damit ein Vorbild f\u00fcr viele Menschen in Finnland und Deutschland und ein Vermittler zwischen den Kulturen geworden. F\u00fcr seine Verdienste um Frieden und Verst\u00e4ndigung erh\u00e4lt er heute die Medaille der Aue-Stiftung. Herzlichen Gl\u00fcckwunsch!<\/p>\n","protected":false},"template":"","class_list":["post-2919","aue-forum","type-aue-forum","status-publish","hentry"],"acf":[],"yoast_head":"<!-- This site is optimized with the Yoast SEO plugin v27.5 - https:\/\/yoast.com\/product\/yoast-seo-wordpress\/ -->\n<title>Laudatio von Dr. Manuel M\u00fcller an Lukas Hradeck\u00fd, Empf\u00e4nger der Medaille f\u00fcr Verdienste um Frieden und Verst\u00e4ndigung, am 18. M\u00e4rz 2025 &#183; Aue-Stiftung<\/title>\n<meta name=\"robots\" content=\"index, follow, max-snippet:-1, max-image-preview:large, max-video-preview:-1\" \/>\n<link rel=\"canonical\" href=\"https:\/\/www.aue-stiftung.org\/de\/aue-foorumi\/laudatio-von-dr-manuel-mueller-an-lukas-hradecky-empfaenger-der-medaille-fuer-verdienste-um-frieden-und-verstaendigung-am-18-maerz-2025\/\" \/>\n<meta property=\"og:locale\" content=\"de_DE\" \/>\n<meta property=\"og:type\" content=\"article\" \/>\n<meta property=\"og:title\" content=\"Laudatio von Dr. Manuel M\u00fcller an Lukas Hradeck\u00fd, Empf\u00e4nger der Medaille f\u00fcr Verdienste um Frieden und Verst\u00e4ndigung, am 18. M\u00e4rz 2025 &#183; Aue-Stiftung\" \/>\n<meta property=\"og:description\" content=\"Exzellenzen, meine Damen und Herren, Lukas Hradeck\u00fd in diesem Rahmen vorzustellen, ist mit Sicherheit nicht notwendig: Als Torwart der finnischen Fu\u00dfball-Nationalmannschaft ist er in Finnland wie in Deutschland einer weiten \u00d6ffentlichkeit bekannt. Ich will deshalb nur einige seiner bisherigen Titel und Auszeichnungen aufz\u00e4hlen: Lukas Hradeck\u00fd war d\u00e4nischer Pokalsieger 2013 mit Esbjerg fB, deutscher Pokalsieger 2018 [&hellip;]\" \/>\n<meta property=\"og:url\" content=\"https:\/\/www.aue-stiftung.org\/de\/aue-foorumi\/laudatio-von-dr-manuel-mueller-an-lukas-hradecky-empfaenger-der-medaille-fuer-verdienste-um-frieden-und-verstaendigung-am-18-maerz-2025\/\" \/>\n<meta property=\"og:site_name\" content=\"Aue-Stiftung\" \/>\n<meta property=\"article:publisher\" content=\"https:\/\/www.facebook.com\/Auestiftung\/\" \/>\n<meta property=\"article:modified_time\" content=\"2025-03-24T12:45:59+00:00\" \/>\n<meta property=\"og:image\" content=\"https:\/\/www.aue-stiftung.org\/wp-content\/uploads\/2025\/03\/AUE-40v-18.3.2025-197.jpg\" \/>\n\t<meta property=\"og:image:width\" content=\"2800\" \/>\n\t<meta property=\"og:image:height\" content=\"1867\" \/>\n\t<meta property=\"og:image:type\" content=\"image\/jpeg\" \/>\n<meta name=\"twitter:card\" content=\"summary_large_image\" \/>\n<meta name=\"twitter:label1\" content=\"Gesch\u00e4tzte Lesezeit\" \/>\n\t<meta name=\"twitter:data1\" content=\"5\u00a0Minuten\" \/>\n<script type=\"application\/ld+json\" class=\"yoast-schema-graph\">{\"@context\":\"https:\\\/\\\/schema.org\",\"@graph\":[{\"@type\":\"WebPage\",\"@id\":\"https:\\\/\\\/www.aue-stiftung.org\\\/de\\\/aue-foorumi\\\/laudatio-von-dr-manuel-mueller-an-lukas-hradecky-empfaenger-der-medaille-fuer-verdienste-um-frieden-und-verstaendigung-am-18-maerz-2025\\\/\",\"url\":\"https:\\\/\\\/www.aue-stiftung.org\\\/de\\\/aue-foorumi\\\/laudatio-von-dr-manuel-mueller-an-lukas-hradecky-empfaenger-der-medaille-fuer-verdienste-um-frieden-und-verstaendigung-am-18-maerz-2025\\\/\",\"name\":\"Laudatio von Dr. Manuel M\u00fcller an Lukas Hradeck\u00fd, Empf\u00e4nger der Medaille f\u00fcr Verdienste um Frieden und Verst\u00e4ndigung, am 18. M\u00e4rz 2025 &#183; Aue-Stiftung\",\"isPartOf\":{\"@id\":\"https:\\\/\\\/www.aue-stiftung.org\\\/de\\\/#website\"},\"primaryImageOfPage\":{\"@id\":\"https:\\\/\\\/www.aue-stiftung.org\\\/de\\\/aue-foorumi\\\/laudatio-von-dr-manuel-mueller-an-lukas-hradecky-empfaenger-der-medaille-fuer-verdienste-um-frieden-und-verstaendigung-am-18-maerz-2025\\\/#primaryimage\"},\"image\":{\"@id\":\"https:\\\/\\\/www.aue-stiftung.org\\\/de\\\/aue-foorumi\\\/laudatio-von-dr-manuel-mueller-an-lukas-hradecky-empfaenger-der-medaille-fuer-verdienste-um-frieden-und-verstaendigung-am-18-maerz-2025\\\/#primaryimage\"},\"thumbnailUrl\":\"https:\\\/\\\/www.aue-stiftung.org\\\/wp-content\\\/uploads\\\/2025\\\/03\\\/AUE-40v-18.3.2025-197-1280x853.jpg\",\"datePublished\":\"2025-03-24T12:45:58+00:00\",\"dateModified\":\"2025-03-24T12:45:59+00:00\",\"breadcrumb\":{\"@id\":\"https:\\\/\\\/www.aue-stiftung.org\\\/de\\\/aue-foorumi\\\/laudatio-von-dr-manuel-mueller-an-lukas-hradecky-empfaenger-der-medaille-fuer-verdienste-um-frieden-und-verstaendigung-am-18-maerz-2025\\\/#breadcrumb\"},\"inLanguage\":\"de\",\"potentialAction\":[{\"@type\":\"ReadAction\",\"target\":[\"https:\\\/\\\/www.aue-stiftung.org\\\/de\\\/aue-foorumi\\\/laudatio-von-dr-manuel-mueller-an-lukas-hradecky-empfaenger-der-medaille-fuer-verdienste-um-frieden-und-verstaendigung-am-18-maerz-2025\\\/\"]}]},{\"@type\":\"ImageObject\",\"inLanguage\":\"de\",\"@id\":\"https:\\\/\\\/www.aue-stiftung.org\\\/de\\\/aue-foorumi\\\/laudatio-von-dr-manuel-mueller-an-lukas-hradecky-empfaenger-der-medaille-fuer-verdienste-um-frieden-und-verstaendigung-am-18-maerz-2025\\\/#primaryimage\",\"url\":\"https:\\\/\\\/www.aue-stiftung.org\\\/wp-content\\\/uploads\\\/2025\\\/03\\\/AUE-40v-18.3.2025-197-1280x853.jpg\",\"contentUrl\":\"https:\\\/\\\/www.aue-stiftung.org\\\/wp-content\\\/uploads\\\/2025\\\/03\\\/AUE-40v-18.3.2025-197-1280x853.jpg\"},{\"@type\":\"BreadcrumbList\",\"@id\":\"https:\\\/\\\/www.aue-stiftung.org\\\/de\\\/aue-foorumi\\\/laudatio-von-dr-manuel-mueller-an-lukas-hradecky-empfaenger-der-medaille-fuer-verdienste-um-frieden-und-verstaendigung-am-18-maerz-2025\\\/#breadcrumb\",\"itemListElement\":[{\"@type\":\"ListItem\",\"position\":1,\"name\":\"Home\",\"item\":\"https:\\\/\\\/www.aue-stiftung.org\\\/de\\\/\"},{\"@type\":\"ListItem\",\"position\":2,\"name\":\"Aue-Forum\",\"item\":\"https:\\\/\\\/www.aue-stiftung.org\\\/de\\\/aue-forum\\\/\"},{\"@type\":\"ListItem\",\"position\":3,\"name\":\"Laudatio von Dr. Manuel M\u00fcller an Lukas Hradeck\u00fd, Empf\u00e4nger der Medaille f\u00fcr Verdienste um Frieden und Verst\u00e4ndigung, am 18. M\u00e4rz 2025\"}]},{\"@type\":\"WebSite\",\"@id\":\"https:\\\/\\\/www.aue-stiftung.org\\\/de\\\/#website\",\"url\":\"https:\\\/\\\/www.aue-stiftung.org\\\/de\\\/\",\"name\":\"Aue-Stiftung\",\"description\":\"\",\"publisher\":{\"@id\":\"https:\\\/\\\/www.aue-stiftung.org\\\/de\\\/#organization\"},\"potentialAction\":[{\"@type\":\"SearchAction\",\"target\":{\"@type\":\"EntryPoint\",\"urlTemplate\":\"https:\\\/\\\/www.aue-stiftung.org\\\/de\\\/?s={search_term_string}\"},\"query-input\":{\"@type\":\"PropertyValueSpecification\",\"valueRequired\":true,\"valueName\":\"search_term_string\"}}],\"inLanguage\":\"de\"},{\"@type\":\"Organization\",\"@id\":\"https:\\\/\\\/www.aue-stiftung.org\\\/de\\\/#organization\",\"name\":\"Aue-S\u00e4\u00e4ti\u00f6\",\"url\":\"https:\\\/\\\/www.aue-stiftung.org\\\/de\\\/\",\"logo\":{\"@type\":\"ImageObject\",\"inLanguage\":\"de\",\"@id\":\"https:\\\/\\\/www.aue-stiftung.org\\\/de\\\/#\\\/schema\\\/logo\\\/image\\\/\",\"url\":\"https:\\\/\\\/www.aue-stiftung.org\\\/wp-content\\\/uploads\\\/aue-logo-header-1.svg\",\"contentUrl\":\"https:\\\/\\\/www.aue-stiftung.org\\\/wp-content\\\/uploads\\\/aue-logo-header-1.svg\",\"width\":61,\"height\":57,\"caption\":\"Aue-S\u00e4\u00e4ti\u00f6\"},\"image\":{\"@id\":\"https:\\\/\\\/www.aue-stiftung.org\\\/de\\\/#\\\/schema\\\/logo\\\/image\\\/\"},\"sameAs\":[\"https:\\\/\\\/www.facebook.com\\\/Auestiftung\\\/\",\"https:\\\/\\\/www.instagram.com\\\/auesaatio\\\/\",\"https:\\\/\\\/www.youtube.com\\\/channel\\\/UCBs3420HmSwk9w4MaRF83zA\"]}]}<\/script>\n<!-- \/ Yoast SEO plugin. -->","yoast_head_json":{"title":"Laudatio von Dr. Manuel M\u00fcller an Lukas Hradeck\u00fd, Empf\u00e4nger der Medaille f\u00fcr Verdienste um Frieden und Verst\u00e4ndigung, am 18. M\u00e4rz 2025 &#183; Aue-Stiftung","robots":{"index":"index","follow":"follow","max-snippet":"max-snippet:-1","max-image-preview":"max-image-preview:large","max-video-preview":"max-video-preview:-1"},"canonical":"https:\/\/www.aue-stiftung.org\/de\/aue-foorumi\/laudatio-von-dr-manuel-mueller-an-lukas-hradecky-empfaenger-der-medaille-fuer-verdienste-um-frieden-und-verstaendigung-am-18-maerz-2025\/","og_locale":"de_DE","og_type":"article","og_title":"Laudatio von Dr. Manuel M\u00fcller an Lukas Hradeck\u00fd, Empf\u00e4nger der Medaille f\u00fcr Verdienste um Frieden und Verst\u00e4ndigung, am 18. M\u00e4rz 2025 &#183; Aue-Stiftung","og_description":"Exzellenzen, meine Damen und Herren, Lukas Hradeck\u00fd in diesem Rahmen vorzustellen, ist mit Sicherheit nicht notwendig: Als Torwart der finnischen Fu\u00dfball-Nationalmannschaft ist er in Finnland wie in Deutschland einer weiten \u00d6ffentlichkeit bekannt. Ich will deshalb nur einige seiner bisherigen Titel und Auszeichnungen aufz\u00e4hlen: Lukas Hradeck\u00fd war d\u00e4nischer Pokalsieger 2013 mit Esbjerg fB, deutscher Pokalsieger 2018 [&hellip;]","og_url":"https:\/\/www.aue-stiftung.org\/de\/aue-foorumi\/laudatio-von-dr-manuel-mueller-an-lukas-hradecky-empfaenger-der-medaille-fuer-verdienste-um-frieden-und-verstaendigung-am-18-maerz-2025\/","og_site_name":"Aue-Stiftung","article_publisher":"https:\/\/www.facebook.com\/Auestiftung\/","article_modified_time":"2025-03-24T12:45:59+00:00","og_image":[{"width":2800,"height":1867,"url":"https:\/\/www.aue-stiftung.org\/wp-content\/uploads\/2025\/03\/AUE-40v-18.3.2025-197.jpg","type":"image\/jpeg"}],"twitter_card":"summary_large_image","twitter_misc":{"Gesch\u00e4tzte Lesezeit":"5\u00a0Minuten"},"schema":{"@context":"https:\/\/schema.org","@graph":[{"@type":"WebPage","@id":"https:\/\/www.aue-stiftung.org\/de\/aue-foorumi\/laudatio-von-dr-manuel-mueller-an-lukas-hradecky-empfaenger-der-medaille-fuer-verdienste-um-frieden-und-verstaendigung-am-18-maerz-2025\/","url":"https:\/\/www.aue-stiftung.org\/de\/aue-foorumi\/laudatio-von-dr-manuel-mueller-an-lukas-hradecky-empfaenger-der-medaille-fuer-verdienste-um-frieden-und-verstaendigung-am-18-maerz-2025\/","name":"Laudatio von Dr. Manuel M\u00fcller an Lukas Hradeck\u00fd, Empf\u00e4nger der Medaille f\u00fcr Verdienste um Frieden und Verst\u00e4ndigung, am 18. M\u00e4rz 2025 &#183; Aue-Stiftung","isPartOf":{"@id":"https:\/\/www.aue-stiftung.org\/de\/#website"},"primaryImageOfPage":{"@id":"https:\/\/www.aue-stiftung.org\/de\/aue-foorumi\/laudatio-von-dr-manuel-mueller-an-lukas-hradecky-empfaenger-der-medaille-fuer-verdienste-um-frieden-und-verstaendigung-am-18-maerz-2025\/#primaryimage"},"image":{"@id":"https:\/\/www.aue-stiftung.org\/de\/aue-foorumi\/laudatio-von-dr-manuel-mueller-an-lukas-hradecky-empfaenger-der-medaille-fuer-verdienste-um-frieden-und-verstaendigung-am-18-maerz-2025\/#primaryimage"},"thumbnailUrl":"https:\/\/www.aue-stiftung.org\/wp-content\/uploads\/2025\/03\/AUE-40v-18.3.2025-197-1280x853.jpg","datePublished":"2025-03-24T12:45:58+00:00","dateModified":"2025-03-24T12:45:59+00:00","breadcrumb":{"@id":"https:\/\/www.aue-stiftung.org\/de\/aue-foorumi\/laudatio-von-dr-manuel-mueller-an-lukas-hradecky-empfaenger-der-medaille-fuer-verdienste-um-frieden-und-verstaendigung-am-18-maerz-2025\/#breadcrumb"},"inLanguage":"de","potentialAction":[{"@type":"ReadAction","target":["https:\/\/www.aue-stiftung.org\/de\/aue-foorumi\/laudatio-von-dr-manuel-mueller-an-lukas-hradecky-empfaenger-der-medaille-fuer-verdienste-um-frieden-und-verstaendigung-am-18-maerz-2025\/"]}]},{"@type":"ImageObject","inLanguage":"de","@id":"https:\/\/www.aue-stiftung.org\/de\/aue-foorumi\/laudatio-von-dr-manuel-mueller-an-lukas-hradecky-empfaenger-der-medaille-fuer-verdienste-um-frieden-und-verstaendigung-am-18-maerz-2025\/#primaryimage","url":"https:\/\/www.aue-stiftung.org\/wp-content\/uploads\/2025\/03\/AUE-40v-18.3.2025-197-1280x853.jpg","contentUrl":"https:\/\/www.aue-stiftung.org\/wp-content\/uploads\/2025\/03\/AUE-40v-18.3.2025-197-1280x853.jpg"},{"@type":"BreadcrumbList","@id":"https:\/\/www.aue-stiftung.org\/de\/aue-foorumi\/laudatio-von-dr-manuel-mueller-an-lukas-hradecky-empfaenger-der-medaille-fuer-verdienste-um-frieden-und-verstaendigung-am-18-maerz-2025\/#breadcrumb","itemListElement":[{"@type":"ListItem","position":1,"name":"Home","item":"https:\/\/www.aue-stiftung.org\/de\/"},{"@type":"ListItem","position":2,"name":"Aue-Forum","item":"https:\/\/www.aue-stiftung.org\/de\/aue-forum\/"},{"@type":"ListItem","position":3,"name":"Laudatio von Dr. Manuel M\u00fcller an Lukas Hradeck\u00fd, Empf\u00e4nger der Medaille f\u00fcr Verdienste um Frieden und Verst\u00e4ndigung, am 18. M\u00e4rz 2025"}]},{"@type":"WebSite","@id":"https:\/\/www.aue-stiftung.org\/de\/#website","url":"https:\/\/www.aue-stiftung.org\/de\/","name":"Aue-Stiftung","description":"","publisher":{"@id":"https:\/\/www.aue-stiftung.org\/de\/#organization"},"potentialAction":[{"@type":"SearchAction","target":{"@type":"EntryPoint","urlTemplate":"https:\/\/www.aue-stiftung.org\/de\/?s={search_term_string}"},"query-input":{"@type":"PropertyValueSpecification","valueRequired":true,"valueName":"search_term_string"}}],"inLanguage":"de"},{"@type":"Organization","@id":"https:\/\/www.aue-stiftung.org\/de\/#organization","name":"Aue-S\u00e4\u00e4ti\u00f6","url":"https:\/\/www.aue-stiftung.org\/de\/","logo":{"@type":"ImageObject","inLanguage":"de","@id":"https:\/\/www.aue-stiftung.org\/de\/#\/schema\/logo\/image\/","url":"https:\/\/www.aue-stiftung.org\/wp-content\/uploads\/aue-logo-header-1.svg","contentUrl":"https:\/\/www.aue-stiftung.org\/wp-content\/uploads\/aue-logo-header-1.svg","width":61,"height":57,"caption":"Aue-S\u00e4\u00e4ti\u00f6"},"image":{"@id":"https:\/\/www.aue-stiftung.org\/de\/#\/schema\/logo\/image\/"},"sameAs":["https:\/\/www.facebook.com\/Auestiftung\/","https:\/\/www.instagram.com\/auesaatio\/","https:\/\/www.youtube.com\/channel\/UCBs3420HmSwk9w4MaRF83zA"]}]}},"_links":{"self":[{"href":"https:\/\/www.aue-stiftung.org\/de\/wp-json\/wp\/v2\/aue-forum\/2919","targetHints":{"allow":["GET"]}}],"collection":[{"href":"https:\/\/www.aue-stiftung.org\/de\/wp-json\/wp\/v2\/aue-forum"}],"about":[{"href":"https:\/\/www.aue-stiftung.org\/de\/wp-json\/wp\/v2\/types\/aue-forum"}],"version-history":[{"count":1,"href":"https:\/\/www.aue-stiftung.org\/de\/wp-json\/wp\/v2\/aue-forum\/2919\/revisions"}],"predecessor-version":[{"id":2921,"href":"https:\/\/www.aue-stiftung.org\/de\/wp-json\/wp\/v2\/aue-forum\/2919\/revisions\/2921"}],"wp:attachment":[{"href":"https:\/\/www.aue-stiftung.org\/de\/wp-json\/wp\/v2\/media?parent=2919"}],"curies":[{"name":"wp","href":"https:\/\/api.w.org\/{rel}","templated":true}]}}