{"id":2956,"date":"2025-04-03T12:00:39","date_gmt":"2025-04-03T09:00:39","guid":{"rendered":"https:\/\/www.aue-stiftung.org\/?post_type=aue-forum&#038;p=2956"},"modified":"2025-04-03T12:00:40","modified_gmt":"2025-04-03T09:00:40","slug":"paeivi-maekinen-dankrede-anlaesslich-der-verleihung-des-ulla-aue-preises-am-18-3-2025","status":"publish","type":"aue-forum","link":"https:\/\/www.aue-stiftung.org\/de\/aue-foorumi\/paeivi-maekinen-dankrede-anlaesslich-der-verleihung-des-ulla-aue-preises-am-18-3-2025\/","title":{"rendered":"P\u00e4ivi M\u00e4kinen: Dankrede anl\u00e4sslich der Verleihung des Ulla Aue-Preises am 18.3.2025"},"content":{"rendered":"\n<figure class=\"wp-block-image size-large is-resized\"><img loading=\"lazy\" decoding=\"async\" width=\"987\" height=\"1280\" src=\"https:\/\/www.aue-stiftung.org\/wp-content\/uploads\/2025\/04\/Profiilikuva-Paivi-Makinen-kuvaaja-Hanna-Tarkiainen-Kuvitelmia-987x1280.jpg\" alt=\"\" class=\"wp-image-2954\" style=\"width:770px;height:auto\" srcset=\"https:\/\/www.aue-stiftung.org\/wp-content\/uploads\/2025\/04\/Profiilikuva-Paivi-Makinen-kuvaaja-Hanna-Tarkiainen-Kuvitelmia-987x1280.jpg 987w, https:\/\/www.aue-stiftung.org\/wp-content\/uploads\/2025\/04\/Profiilikuva-Paivi-Makinen-kuvaaja-Hanna-Tarkiainen-Kuvitelmia-494x640.jpg 494w, https:\/\/www.aue-stiftung.org\/wp-content\/uploads\/2025\/04\/Profiilikuva-Paivi-Makinen-kuvaaja-Hanna-Tarkiainen-Kuvitelmia-768x996.jpg 768w, https:\/\/www.aue-stiftung.org\/wp-content\/uploads\/2025\/04\/Profiilikuva-Paivi-Makinen-kuvaaja-Hanna-Tarkiainen-Kuvitelmia-1185x1536.jpg 1185w, https:\/\/www.aue-stiftung.org\/wp-content\/uploads\/2025\/04\/Profiilikuva-Paivi-Makinen-kuvaaja-Hanna-Tarkiainen-Kuvitelmia-1580x2048.jpg 1580w\" sizes=\"auto, (max-width: 987px) 100vw, 987px\" \/><figcaption class=\"wp-element-caption\">Fotograf: Hanna Tarkiainen \/ Kuvitelmia<\/figcaption><\/figure>\n\n\n\n<p>Sehr geehrte Exzellenzen, sehr geehrte Damen und Herren, liebe Freunde der Aue-Stiftung,<\/p>\n\n\n\n<p>als ich die Nachricht bekam, dass der Vorstand der Aue-Stiftung mir den Ulla Aue Preis verleihen m\u00f6chte, muss ich zugeben, dass ich v\u00f6llig sprachlos wurde und mein Herz begann zu rasen.<\/p>\n\n\n\n<p>Es ber\u00fchrt mich wirklich sehr, dass der Vorstand der Aue-Stiftung meine Arbeit in der Primarstufe so sch\u00e4tzt, dass man mich mit diesem wertvollen Preis auszeichnen m\u00f6chte.<\/p>\n\n\n\n<p>Ich bedanke mich ganz herzlich bei dem Vorstand der Aue-Stiftung daf\u00fcr und m\u00f6chte gleichzeitig der Aue-Stiftung zu ihrem 40-j\u00e4hrigen Jubil\u00e4umsjahr von ganzem Herzen gratulieren.<\/p>\n\n\n\n<p>Nach einem alten finnischen Sprichwort vergisst man ohne Sorgen alles, was ohne Freude gelernt wird. F\u00fcr mich ist es immer wichtig gewesen, dass meine Sch\u00fcler und Sch\u00fclerinnen Freude beim Lernen haben. Verschiedene R\u00e4tsel und haptische Lernspiele, wie auch das Lernen mit Bewegung, geh\u00f6rten von Anfang an zu meinem Unterrichtsrepertoire. Im Laufe der Jahre habe ich dann allerlei Lernspiele entwickelt und die Aktivit\u00e4ten, die am besten bei den Lernenden ankamen, sind inzwischen ein fester Bestandteil meines Unterrichts geworden. Jeder Lehrer entwickelt selbstverst\u00e4ndlich seine eigenen p\u00e4dagogischen Konzepte, und diese ist meine Art und Weise geworden.<\/p>\n\n\n\n<p>Als Deutschlehrer ist man sehr oft allein, insbesondere in der Primarstufe. Darum ist die Unterst\u00fctzung von Sprachlehrerkollegen und -kolleginnen und verschiedenen Organisationen sehr wichtig. Bei dieser Gelegenheit m\u00f6chte ich mich bei dem Finnischen Deutschlehrerverband und dem Finnischen Sprachlehrerverband sehr herzlich bedanken. Die Mitgliedschaft in diesen beiden Verb\u00e4nden hat mir nicht nur viele Fortbildungen erm\u00f6glicht, sondern die T\u00fcr ge\u00f6ffnet, mich mit anderen Kollegen zu vernetzen. Ohne sie h\u00e4tte ich meine Unterrichtsstil nicht so entwickeln k\u00f6nnen, wie ich ihn jetzt in den Klassenzimmern umsetze.<\/p>\n\n\n\n<p>Dem Goethe-Institut und dem Verband der Finnisch-Deutschen Vereine m\u00f6chte ich ebenfalls f\u00fcr die wunderbare Zusammenarbeit meinen herzlichen Dank aussprechen.<\/p>\n\n\n\n<p>Es ist nicht immer eine Selbstverst\u00e4ndlichkeit gewesen, dass man Deutsch als allererste Fremdsprache in Hyvink\u00e4\u00e4 w\u00e4hlen kann. Vor einigen Jahren wollten die Politiker bei der Sprachenwahl Einsparungen vornehmen und nur noch Englisch anbieten. Dann haben die damaligen Botschafter aus Deutschland, \u00d6sterreich und der Schweiz zusammen den Politikern von Hyvink\u00e4\u00e4 geschrieben und Dank dieses Briefes, wurde unser Sprachenwahlangebot gerettet. Ganz herzlichen Dank nochmals daf\u00fcr \u2013 auch von meinen Kollegen in Hyvink\u00e4\u00e4.<\/p>\n\n\n\n<p>Meine bisherigen Schulleiter haben es mir erlaubt, an beliebigen Fortbildungen und Projekten teilzunehmen, was keine Selbstverst\u00e4ndlichkeit ist und ich deshalb sehr dankbar bin. Ich habe Schnupperkurse f\u00fcr Deutsch entwickelt, um Werbung f\u00fcr Deutsch zu machen. Heutzutage haben sich die Schnupperkurse zu Sprachduschen f\u00fcr Vorschulkinder entwickelt, und daf\u00fcr wurde eine feste Zeit in meinem Stundenplan festgelegt.<\/p>\n\n\n\n<p>Zuletzt noch das Wichtigste: meine eigene Familie.&nbsp; Vielen, vielen Dank an meinen lieben Mann, der auch heute Abend hier sitzt, und \u00fcbrigens auch der Grund daf\u00fcr ist, dass ich \u00fcberhaupt in Hyvink\u00e4\u00e4 gelandet bin! Ich bin dir zutiefst dankbar f\u00fcr deine uneingeschr\u00e4nkte Geduld und Verst\u00e4ndnis, was mein Deutschlehrerleben von dir und von unseren Kindern verlangt hat. Ohne eure Unterst\u00fctzung w\u00e4re all das nicht m\u00f6glich gewesen.<\/p>\n\n\n\n<p>Zum Schluss m\u00f6chte ich mich bei allen Anwesenden und denjenigen, die mich im Laufe der Jahre unterst\u00fctzt haben, von ganzem Herzen bedanken. DANKE!<\/p>\n","protected":false},"template":"","class_list":["post-2956","aue-forum","type-aue-forum","status-publish","hentry"],"acf":[],"yoast_head":"<!-- This site is optimized with the Yoast SEO plugin v27.5 - https:\/\/yoast.com\/product\/yoast-seo-wordpress\/ -->\n<title>P\u00e4ivi M\u00e4kinen: Dankrede anl\u00e4sslich der Verleihung des Ulla Aue-Preises am 18.3.2025 &#183; Aue-Stiftung<\/title>\n<meta name=\"robots\" content=\"index, follow, max-snippet:-1, max-image-preview:large, max-video-preview:-1\" \/>\n<link rel=\"canonical\" href=\"https:\/\/www.aue-stiftung.org\/de\/aue-foorumi\/paeivi-maekinen-dankrede-anlaesslich-der-verleihung-des-ulla-aue-preises-am-18-3-2025\/\" \/>\n<meta property=\"og:locale\" content=\"de_DE\" \/>\n<meta property=\"og:type\" content=\"article\" \/>\n<meta property=\"og:title\" content=\"P\u00e4ivi M\u00e4kinen: Dankrede anl\u00e4sslich der Verleihung des Ulla Aue-Preises am 18.3.2025 &#183; Aue-Stiftung\" \/>\n<meta property=\"og:description\" content=\"Sehr geehrte Exzellenzen, sehr geehrte Damen und Herren, liebe Freunde der Aue-Stiftung, als ich die Nachricht bekam, dass der Vorstand der Aue-Stiftung mir den Ulla Aue Preis verleihen m\u00f6chte, muss ich zugeben, dass ich v\u00f6llig sprachlos wurde und mein Herz begann zu rasen. Es ber\u00fchrt mich wirklich sehr, dass der Vorstand der Aue-Stiftung meine Arbeit [&hellip;]\" \/>\n<meta property=\"og:url\" content=\"https:\/\/www.aue-stiftung.org\/de\/aue-foorumi\/paeivi-maekinen-dankrede-anlaesslich-der-verleihung-des-ulla-aue-preises-am-18-3-2025\/\" \/>\n<meta property=\"og:site_name\" content=\"Aue-Stiftung\" \/>\n<meta property=\"article:publisher\" content=\"https:\/\/www.facebook.com\/Auestiftung\/\" \/>\n<meta property=\"article:modified_time\" content=\"2025-04-03T09:00:40+00:00\" \/>\n<meta property=\"og:image\" content=\"https:\/\/www.aue-stiftung.org\/wp-content\/uploads\/2025\/04\/Profiilikuva-Paivi-Makinen-kuvaaja-Hanna-Tarkiainen-Kuvitelmia.jpg\" \/>\n\t<meta property=\"og:image:width\" content=\"2160\" \/>\n\t<meta property=\"og:image:height\" content=\"2800\" \/>\n\t<meta property=\"og:image:type\" content=\"image\/jpeg\" \/>\n<meta name=\"twitter:card\" content=\"summary_large_image\" \/>\n<meta name=\"twitter:label1\" content=\"Gesch\u00e4tzte Lesezeit\" \/>\n\t<meta name=\"twitter:data1\" content=\"4\u00a0Minuten\" \/>\n<script type=\"application\/ld+json\" class=\"yoast-schema-graph\">{\"@context\":\"https:\\\/\\\/schema.org\",\"@graph\":[{\"@type\":\"WebPage\",\"@id\":\"https:\\\/\\\/www.aue-stiftung.org\\\/de\\\/aue-foorumi\\\/paeivi-maekinen-dankrede-anlaesslich-der-verleihung-des-ulla-aue-preises-am-18-3-2025\\\/\",\"url\":\"https:\\\/\\\/www.aue-stiftung.org\\\/de\\\/aue-foorumi\\\/paeivi-maekinen-dankrede-anlaesslich-der-verleihung-des-ulla-aue-preises-am-18-3-2025\\\/\",\"name\":\"P\u00e4ivi M\u00e4kinen: Dankrede anl\u00e4sslich der Verleihung des Ulla Aue-Preises am 18.3.2025 &#183; Aue-Stiftung\",\"isPartOf\":{\"@id\":\"https:\\\/\\\/www.aue-stiftung.org\\\/de\\\/#website\"},\"primaryImageOfPage\":{\"@id\":\"https:\\\/\\\/www.aue-stiftung.org\\\/de\\\/aue-foorumi\\\/paeivi-maekinen-dankrede-anlaesslich-der-verleihung-des-ulla-aue-preises-am-18-3-2025\\\/#primaryimage\"},\"image\":{\"@id\":\"https:\\\/\\\/www.aue-stiftung.org\\\/de\\\/aue-foorumi\\\/paeivi-maekinen-dankrede-anlaesslich-der-verleihung-des-ulla-aue-preises-am-18-3-2025\\\/#primaryimage\"},\"thumbnailUrl\":\"https:\\\/\\\/www.aue-stiftung.org\\\/wp-content\\\/uploads\\\/2025\\\/04\\\/Profiilikuva-Paivi-Makinen-kuvaaja-Hanna-Tarkiainen-Kuvitelmia-987x1280.jpg\",\"datePublished\":\"2025-04-03T09:00:39+00:00\",\"dateModified\":\"2025-04-03T09:00:40+00:00\",\"breadcrumb\":{\"@id\":\"https:\\\/\\\/www.aue-stiftung.org\\\/de\\\/aue-foorumi\\\/paeivi-maekinen-dankrede-anlaesslich-der-verleihung-des-ulla-aue-preises-am-18-3-2025\\\/#breadcrumb\"},\"inLanguage\":\"de\",\"potentialAction\":[{\"@type\":\"ReadAction\",\"target\":[\"https:\\\/\\\/www.aue-stiftung.org\\\/de\\\/aue-foorumi\\\/paeivi-maekinen-dankrede-anlaesslich-der-verleihung-des-ulla-aue-preises-am-18-3-2025\\\/\"]}]},{\"@type\":\"ImageObject\",\"inLanguage\":\"de\",\"@id\":\"https:\\\/\\\/www.aue-stiftung.org\\\/de\\\/aue-foorumi\\\/paeivi-maekinen-dankrede-anlaesslich-der-verleihung-des-ulla-aue-preises-am-18-3-2025\\\/#primaryimage\",\"url\":\"https:\\\/\\\/www.aue-stiftung.org\\\/wp-content\\\/uploads\\\/2025\\\/04\\\/Profiilikuva-Paivi-Makinen-kuvaaja-Hanna-Tarkiainen-Kuvitelmia-987x1280.jpg\",\"contentUrl\":\"https:\\\/\\\/www.aue-stiftung.org\\\/wp-content\\\/uploads\\\/2025\\\/04\\\/Profiilikuva-Paivi-Makinen-kuvaaja-Hanna-Tarkiainen-Kuvitelmia-987x1280.jpg\"},{\"@type\":\"BreadcrumbList\",\"@id\":\"https:\\\/\\\/www.aue-stiftung.org\\\/de\\\/aue-foorumi\\\/paeivi-maekinen-dankrede-anlaesslich-der-verleihung-des-ulla-aue-preises-am-18-3-2025\\\/#breadcrumb\",\"itemListElement\":[{\"@type\":\"ListItem\",\"position\":1,\"name\":\"Home\",\"item\":\"https:\\\/\\\/www.aue-stiftung.org\\\/de\\\/\"},{\"@type\":\"ListItem\",\"position\":2,\"name\":\"Aue-Forum\",\"item\":\"https:\\\/\\\/www.aue-stiftung.org\\\/de\\\/aue-forum\\\/\"},{\"@type\":\"ListItem\",\"position\":3,\"name\":\"P\u00e4ivi M\u00e4kinen: Dankrede anl\u00e4sslich der Verleihung des Ulla Aue-Preises am 18.3.2025\"}]},{\"@type\":\"WebSite\",\"@id\":\"https:\\\/\\\/www.aue-stiftung.org\\\/de\\\/#website\",\"url\":\"https:\\\/\\\/www.aue-stiftung.org\\\/de\\\/\",\"name\":\"Aue-Stiftung\",\"description\":\"\",\"publisher\":{\"@id\":\"https:\\\/\\\/www.aue-stiftung.org\\\/de\\\/#organization\"},\"potentialAction\":[{\"@type\":\"SearchAction\",\"target\":{\"@type\":\"EntryPoint\",\"urlTemplate\":\"https:\\\/\\\/www.aue-stiftung.org\\\/de\\\/?s={search_term_string}\"},\"query-input\":{\"@type\":\"PropertyValueSpecification\",\"valueRequired\":true,\"valueName\":\"search_term_string\"}}],\"inLanguage\":\"de\"},{\"@type\":\"Organization\",\"@id\":\"https:\\\/\\\/www.aue-stiftung.org\\\/de\\\/#organization\",\"name\":\"Aue-S\u00e4\u00e4ti\u00f6\",\"url\":\"https:\\\/\\\/www.aue-stiftung.org\\\/de\\\/\",\"logo\":{\"@type\":\"ImageObject\",\"inLanguage\":\"de\",\"@id\":\"https:\\\/\\\/www.aue-stiftung.org\\\/de\\\/#\\\/schema\\\/logo\\\/image\\\/\",\"url\":\"https:\\\/\\\/www.aue-stiftung.org\\\/wp-content\\\/uploads\\\/aue-logo-header-1.svg\",\"contentUrl\":\"https:\\\/\\\/www.aue-stiftung.org\\\/wp-content\\\/uploads\\\/aue-logo-header-1.svg\",\"width\":61,\"height\":57,\"caption\":\"Aue-S\u00e4\u00e4ti\u00f6\"},\"image\":{\"@id\":\"https:\\\/\\\/www.aue-stiftung.org\\\/de\\\/#\\\/schema\\\/logo\\\/image\\\/\"},\"sameAs\":[\"https:\\\/\\\/www.facebook.com\\\/Auestiftung\\\/\",\"https:\\\/\\\/www.instagram.com\\\/auesaatio\\\/\",\"https:\\\/\\\/www.youtube.com\\\/channel\\\/UCBs3420HmSwk9w4MaRF83zA\"]}]}<\/script>\n<!-- \/ Yoast SEO plugin. -->","yoast_head_json":{"title":"P\u00e4ivi M\u00e4kinen: Dankrede anl\u00e4sslich der Verleihung des Ulla Aue-Preises am 18.3.2025 &#183; Aue-Stiftung","robots":{"index":"index","follow":"follow","max-snippet":"max-snippet:-1","max-image-preview":"max-image-preview:large","max-video-preview":"max-video-preview:-1"},"canonical":"https:\/\/www.aue-stiftung.org\/de\/aue-foorumi\/paeivi-maekinen-dankrede-anlaesslich-der-verleihung-des-ulla-aue-preises-am-18-3-2025\/","og_locale":"de_DE","og_type":"article","og_title":"P\u00e4ivi M\u00e4kinen: Dankrede anl\u00e4sslich der Verleihung des Ulla Aue-Preises am 18.3.2025 &#183; Aue-Stiftung","og_description":"Sehr geehrte Exzellenzen, sehr geehrte Damen und Herren, liebe Freunde der Aue-Stiftung, als ich die Nachricht bekam, dass der Vorstand der Aue-Stiftung mir den Ulla Aue Preis verleihen m\u00f6chte, muss ich zugeben, dass ich v\u00f6llig sprachlos wurde und mein Herz begann zu rasen. Es ber\u00fchrt mich wirklich sehr, dass der Vorstand der Aue-Stiftung meine Arbeit [&hellip;]","og_url":"https:\/\/www.aue-stiftung.org\/de\/aue-foorumi\/paeivi-maekinen-dankrede-anlaesslich-der-verleihung-des-ulla-aue-preises-am-18-3-2025\/","og_site_name":"Aue-Stiftung","article_publisher":"https:\/\/www.facebook.com\/Auestiftung\/","article_modified_time":"2025-04-03T09:00:40+00:00","og_image":[{"width":2160,"height":2800,"url":"https:\/\/www.aue-stiftung.org\/wp-content\/uploads\/2025\/04\/Profiilikuva-Paivi-Makinen-kuvaaja-Hanna-Tarkiainen-Kuvitelmia.jpg","type":"image\/jpeg"}],"twitter_card":"summary_large_image","twitter_misc":{"Gesch\u00e4tzte Lesezeit":"4\u00a0Minuten"},"schema":{"@context":"https:\/\/schema.org","@graph":[{"@type":"WebPage","@id":"https:\/\/www.aue-stiftung.org\/de\/aue-foorumi\/paeivi-maekinen-dankrede-anlaesslich-der-verleihung-des-ulla-aue-preises-am-18-3-2025\/","url":"https:\/\/www.aue-stiftung.org\/de\/aue-foorumi\/paeivi-maekinen-dankrede-anlaesslich-der-verleihung-des-ulla-aue-preises-am-18-3-2025\/","name":"P\u00e4ivi M\u00e4kinen: Dankrede anl\u00e4sslich der Verleihung des Ulla Aue-Preises am 18.3.2025 &#183; Aue-Stiftung","isPartOf":{"@id":"https:\/\/www.aue-stiftung.org\/de\/#website"},"primaryImageOfPage":{"@id":"https:\/\/www.aue-stiftung.org\/de\/aue-foorumi\/paeivi-maekinen-dankrede-anlaesslich-der-verleihung-des-ulla-aue-preises-am-18-3-2025\/#primaryimage"},"image":{"@id":"https:\/\/www.aue-stiftung.org\/de\/aue-foorumi\/paeivi-maekinen-dankrede-anlaesslich-der-verleihung-des-ulla-aue-preises-am-18-3-2025\/#primaryimage"},"thumbnailUrl":"https:\/\/www.aue-stiftung.org\/wp-content\/uploads\/2025\/04\/Profiilikuva-Paivi-Makinen-kuvaaja-Hanna-Tarkiainen-Kuvitelmia-987x1280.jpg","datePublished":"2025-04-03T09:00:39+00:00","dateModified":"2025-04-03T09:00:40+00:00","breadcrumb":{"@id":"https:\/\/www.aue-stiftung.org\/de\/aue-foorumi\/paeivi-maekinen-dankrede-anlaesslich-der-verleihung-des-ulla-aue-preises-am-18-3-2025\/#breadcrumb"},"inLanguage":"de","potentialAction":[{"@type":"ReadAction","target":["https:\/\/www.aue-stiftung.org\/de\/aue-foorumi\/paeivi-maekinen-dankrede-anlaesslich-der-verleihung-des-ulla-aue-preises-am-18-3-2025\/"]}]},{"@type":"ImageObject","inLanguage":"de","@id":"https:\/\/www.aue-stiftung.org\/de\/aue-foorumi\/paeivi-maekinen-dankrede-anlaesslich-der-verleihung-des-ulla-aue-preises-am-18-3-2025\/#primaryimage","url":"https:\/\/www.aue-stiftung.org\/wp-content\/uploads\/2025\/04\/Profiilikuva-Paivi-Makinen-kuvaaja-Hanna-Tarkiainen-Kuvitelmia-987x1280.jpg","contentUrl":"https:\/\/www.aue-stiftung.org\/wp-content\/uploads\/2025\/04\/Profiilikuva-Paivi-Makinen-kuvaaja-Hanna-Tarkiainen-Kuvitelmia-987x1280.jpg"},{"@type":"BreadcrumbList","@id":"https:\/\/www.aue-stiftung.org\/de\/aue-foorumi\/paeivi-maekinen-dankrede-anlaesslich-der-verleihung-des-ulla-aue-preises-am-18-3-2025\/#breadcrumb","itemListElement":[{"@type":"ListItem","position":1,"name":"Home","item":"https:\/\/www.aue-stiftung.org\/de\/"},{"@type":"ListItem","position":2,"name":"Aue-Forum","item":"https:\/\/www.aue-stiftung.org\/de\/aue-forum\/"},{"@type":"ListItem","position":3,"name":"P\u00e4ivi M\u00e4kinen: Dankrede anl\u00e4sslich der Verleihung des Ulla Aue-Preises am 18.3.2025"}]},{"@type":"WebSite","@id":"https:\/\/www.aue-stiftung.org\/de\/#website","url":"https:\/\/www.aue-stiftung.org\/de\/","name":"Aue-Stiftung","description":"","publisher":{"@id":"https:\/\/www.aue-stiftung.org\/de\/#organization"},"potentialAction":[{"@type":"SearchAction","target":{"@type":"EntryPoint","urlTemplate":"https:\/\/www.aue-stiftung.org\/de\/?s={search_term_string}"},"query-input":{"@type":"PropertyValueSpecification","valueRequired":true,"valueName":"search_term_string"}}],"inLanguage":"de"},{"@type":"Organization","@id":"https:\/\/www.aue-stiftung.org\/de\/#organization","name":"Aue-S\u00e4\u00e4ti\u00f6","url":"https:\/\/www.aue-stiftung.org\/de\/","logo":{"@type":"ImageObject","inLanguage":"de","@id":"https:\/\/www.aue-stiftung.org\/de\/#\/schema\/logo\/image\/","url":"https:\/\/www.aue-stiftung.org\/wp-content\/uploads\/aue-logo-header-1.svg","contentUrl":"https:\/\/www.aue-stiftung.org\/wp-content\/uploads\/aue-logo-header-1.svg","width":61,"height":57,"caption":"Aue-S\u00e4\u00e4ti\u00f6"},"image":{"@id":"https:\/\/www.aue-stiftung.org\/de\/#\/schema\/logo\/image\/"},"sameAs":["https:\/\/www.facebook.com\/Auestiftung\/","https:\/\/www.instagram.com\/auesaatio\/","https:\/\/www.youtube.com\/channel\/UCBs3420HmSwk9w4MaRF83zA"]}]}},"_links":{"self":[{"href":"https:\/\/www.aue-stiftung.org\/de\/wp-json\/wp\/v2\/aue-forum\/2956","targetHints":{"allow":["GET"]}}],"collection":[{"href":"https:\/\/www.aue-stiftung.org\/de\/wp-json\/wp\/v2\/aue-forum"}],"about":[{"href":"https:\/\/www.aue-stiftung.org\/de\/wp-json\/wp\/v2\/types\/aue-forum"}],"version-history":[{"count":1,"href":"https:\/\/www.aue-stiftung.org\/de\/wp-json\/wp\/v2\/aue-forum\/2956\/revisions"}],"predecessor-version":[{"id":2957,"href":"https:\/\/www.aue-stiftung.org\/de\/wp-json\/wp\/v2\/aue-forum\/2956\/revisions\/2957"}],"wp:attachment":[{"href":"https:\/\/www.aue-stiftung.org\/de\/wp-json\/wp\/v2\/media?parent=2956"}],"curies":[{"name":"wp","href":"https:\/\/api.w.org\/{rel}","templated":true}]}}