{"id":2924,"date":"2025-03-25T09:18:28","date_gmt":"2025-03-25T07:18:28","guid":{"rendered":"https:\/\/www.aue-stiftung.org\/?post_type=aue-forum&#038;p=2924"},"modified":"2025-04-25T15:52:37","modified_gmt":"2025-04-25T12:52:37","slug":"dieter-hermann-schmitz-dankrede-anlasslich-der-verleihung-des-margarethe-aue-preises-am-18-3-2025-auf-der-jubilaumsfeier-zum-40-jahrigen-bestehen-der-aue-stiftung","status":"publish","type":"aue-forum","link":"https:\/\/www.aue-stiftung.org\/en\/aue-foorumi\/dieter-hermann-schmitz-dankrede-anlasslich-der-verleihung-des-margarethe-aue-preises-am-18-3-2025-auf-der-jubilaumsfeier-zum-40-jahrigen-bestehen-der-aue-stiftung\/","title":{"rendered":"Dr. Dieter Hermann Schmitz: Dankrede anl\u00e4sslich der Verleihung des Margarethe Aue-Preises am 18.3.2025 auf der Jubil\u00e4umsfeier zum 40-j\u00e4hrigen Bestehen der Aue-Stiftung"},"content":{"rendered":"\n<figure class=\"wp-block-image size-large\"><img loading=\"lazy\" decoding=\"async\" width=\"914\" height=\"1280\" src=\"https:\/\/www.aue-stiftung.org\/wp-content\/uploads\/2025\/03\/AUE-40v-18.3.2025-2-914x1280.jpg\" alt=\"\" class=\"wp-image-2926\" srcset=\"https:\/\/www.aue-stiftung.org\/wp-content\/uploads\/2025\/03\/AUE-40v-18.3.2025-2-914x1280.jpg 914w, https:\/\/www.aue-stiftung.org\/wp-content\/uploads\/2025\/03\/AUE-40v-18.3.2025-2-457x640.jpg 457w, https:\/\/www.aue-stiftung.org\/wp-content\/uploads\/2025\/03\/AUE-40v-18.3.2025-2-768x1075.jpg 768w, https:\/\/www.aue-stiftung.org\/wp-content\/uploads\/2025\/03\/AUE-40v-18.3.2025-2-1097x1536.jpg 1097w, https:\/\/www.aue-stiftung.org\/wp-content\/uploads\/2025\/03\/AUE-40v-18.3.2025-2-1463x2048.jpg 1463w, https:\/\/www.aue-stiftung.org\/wp-content\/uploads\/2025\/03\/AUE-40v-18.3.2025-2.jpg 2000w\" sizes=\"auto, (max-width: 914px) 100vw, 914px\" \/><figcaption class=\"wp-element-caption\">Dr. Dieter Hermann Schmitz. Fotograf: Markku Pajunen<\/figcaption><\/figure>\n\n\n\n<p>Sehr geehrte Vorstandsmitglieder der Aue-Stiftung, liebe Johanna als die Gesch\u00e4ftsf\u00fchrerin, verehrte Exzellenzen und Ehreng\u00e4ste, liebe Freundinnen und Freunde der deutschen Sprache und Kultur und des europ\u00e4ischen Gedankens,<\/p>\n\n\n\n<p>ich muss zugeben, ein wenig in Verlegenheit geraten zu sein, als ich davon erfuhr, bei dieser Gelegenheit ein paar Worte an das Publikum richten zu d\u00fcrfen. Zwar kann ich von mir behaupten, gewisse Erfahrungen mit Vortr\u00e4gen oder Lesungen zu haben. Aber die Gelegenheit einer Preisverleihung ist doch eine ungewohnte und aufregende Situation f\u00fcr mich! Aus dieser Unsicherheit habe ich zu einem Hilfsmittel gegriffen \u2013 zu K\u00fcnstlicher Intelligenz. Einem KI-Programm hatte ich folgende Arbeitsanweisung gegeben:<\/p>\n\n\n\n<p><em>Schreibe mir eine Dankesrede aus Anlass der Verleihung des Margarethe Aue-Preises. Der Rahmen ist ein Festakt mit vielen hohen G\u00e4sten. Die Rede sollte nicht zu lang und im Idealfall geistreich und ein wenig witzig sein.<\/em><\/p>\n\n\n\n<p>Innerhalb von Sekunden wurde mir eine Rede ausgespuckt, die etwa 300 W\u00f6rter lang war. Ich werde diese Rede hier nicht vorlesen, m\u00f6chte aber kurz beschreiben, wie sie aufgebaut war: Nach einer Begr\u00fc\u00dfung gab es einen ersten Abschnitt, in dem Dank ausgesprochen wurde. Im zweiten Abschnitt wurde die \u00dcberraschung beschrieben, die ich empfand, als ich erstmals von dieser Auszeichnung erfuhr. In einem Mittelteil wurde Margarete Aue als bemerkenswerte Pers\u00f6nlichkeit beschrieben, als Vision\u00e4rin und \u00fcberzeugte Europ\u00e4erin. Anschlie\u00dfend wurde erneut Dank ausgesprochen, diesmal an Kollegen und Freunde, die mich w\u00e4hrend der vergangenen Jahre unterst\u00fctzt und mit mir zusammengearbeitet haben. Im letzten Abschnitt wurde betont, dass diese Preisverleihung kein Endpunkt sei, sondern Ansporn und Startschuss f\u00fcr eine dynamische Zukunft und viele weitere aktive Jahre. Dann folgte noch eine Schlussformel.<\/p>\n\n\n\n<p>Beim ersten Lesen war ich beeindruckt, wie gut die Rede war. Sie war wohlformuliert und sie enth\u00e4lt all die Gedanken, die mir bereits diffus durch den Kopf gegangen waren, ohne mir schon ausformuliert auf der Zunge zu liegen: mein tief empfundener Dank und meine v\u00f6llige \u00dcberraschung \u2013 ich hatte anfangs tats\u00e4chlich geglaubt, ich h\u00e4tte eine falsche Mail erhalten. Auch meine Ehrerbietung und mein Respekt gegen\u00fcber der Aue-Stiftung und ihren Gr\u00fcndern kam zum Ausdruck, ebenso meine Verbundenheit mit Vereinskameraden und Kollegen, mit denen ich in den vergangenen Jahren vieles an Kulturveranstaltungen organisieren und durchf\u00fchren konnte und von denen der eine oder die andere genauso gut heute Abend hier h\u00e4tten stehen k\u00f6nnen.<\/p>\n\n\n\n<p>Auf der anderen Seite wirkte dieser KI-generierte Text blutleer. Ohne pers\u00f6nliche Note. Vielleicht weil alles so erwartbar war. Vielleicht weil man ihm anmerkte, nach bekannten Mustern<\/p>\n\n\n\n<p>zusammengebaut zu sein. Zur Ehrenrettung der KI muss ich allerdings sagen, dass besagter Text wohl nur eine erste Fassung gewesen war, denn ich bekam mehrere Nachfragen gestellt.<\/p>\n\n\n\n<p>Die KI wollte wissen,<\/p>\n\n\n\n<p>\u00b7 ob die Rede k\u00fcrzer oder l\u00e4nger sein solle<\/p>\n\n\n\n<p>\u00b7 ob die Stilebene angepasst werden m\u00fcsse<\/p>\n\n\n\n<p>\u00b7 und ob ich nicht noch eine Anekdote aufschreiben k\u00f6nne, die man dann in die Rede einbauen w\u00fcrde.<\/p>\n\n\n\n<p>Ja, Anekdoten, dachte ich! Sie sind im Fluss der Ereignisse \u2013 oder besser: im Strom des Vergessens \u2013 die kleinen Perlen an Erinnerungen, die h\u00e4ngenbleiben. So zerbrach ich mir eine Weile den Kopf auf der Suche nach einer passenden Anekdote. Mir fielen aber zun\u00e4chst nur all die Veranstaltungen und Begegnungen ein, die ich mit Freunden und Vereinskameraden, respektive Freundinnen und Vereinskameradinnen, organisieren durfte. Diese vielen Veranstaltungen waren jedoch gl\u00fccklicherweise alle glatt verlaufen: ohne Pannen, ohne Verwechslungen, ohne Versprecher, ohne Holprigkeiten \u2026<\/p>\n\n\n\n<p>Literaturwissenschaftlich lie\u00dfe sich eine Anekdote ja definieren als ein humoristischer Kurztext mit einer unerwarteten Wendung, \u00e4hnlich wie wir es von Witzen kennen. Aber anders als Witze beruhen Anekdoten auf wahren Begebenheiten und sie sollen etwas Typisches oder Charakteristisches veranschaulichen. Irgendwann fiel mir dann unsere kleine Vereinszeitung ein, die wir in Tampere herausgeben. In dieser Vereinszeitung gibt es f\u00fcr gew\u00f6hnlich die Rubrik Kindermund, finnisch: Lasten suusta. Und ich m\u00f6chte hier einen Kindermund-Spruch wiedergeben, den meine Frau Eija und ich vor vielen Jahren f\u00fcr diese Rubrik beigesteuert haben. Er stammt von unserer Tochter Sofia, die mittlerweile eine erwachsene junge Frau ist. Entsprechend alt ist dieser Spruch, denn Sofia war damals erst drei oder vier Jahre alt.<\/p>\n\n\n\n<p>Folgendes hat sich zugetragen:<\/p>\n\n\n\n<p>Wir waren bei finnischen Verwandten in S\u00fcd-\u00d6sterbotten, Et\u00e4l\u00e4-Pohjanmaa, zu Besuch und ich spielte an einem sch\u00f6nen Sommertag mit unserer Tochter im Sandkasten. Unsere Kinder sind zweisprachig aufgewachsen, und ich spielte mit unserer Tochter auf Deutsch. Sofia benutzte jedoch immer ein Wort auf Finnisch, und zwar f\u00fcr ein kleines Sandkasten-Spielzeug, einen Traktor. Den bezeichnete sie immer auf Finnisch mit traktori &#8211; also mit einem sch\u00f6nen gerollten finnischen Zungenspitzen-r und einem Endungs-i hinten dran. Irgendwann fiel ihr auf, dass meine Aussprache, Traktor, sich von ihrer unterschied. Und sie fragte mich interessiert: \u201eVati, wer sagt traktori?\u201c<\/p>\n\n\n\n<p>Meine schulterzuckende Antwort war: \u201eNa, die Finnen. Die Finnen sagen traktori.\u201c<\/p>\n\n\n\n<p>Daraufhin wollte sie wissen: \u201eWer sind Finnen?\u201c<\/p>\n\n\n\n<p>Statt mit einer komplizierten Definition versuchte ich es mit Beispielen: \u201eNa, deine Gro\u00dfeltern hier, Mummi und Ukki, sind Finnen. Und all deine Vettern und Kusinen: Ari, Sami, Anu, Sarita &#8230;\u201c<\/p>\n\n\n\n<p>Und w\u00e4hrend ich all diese Namen aufz\u00e4hlte, brach unsere kleine Tochter in Tr\u00e4nen aus. Kleine Tr\u00e4nchen rollten ihre Wangen herunter. Und sie meinte mit gro\u00dfem Pathos: \u201eNein, das sind keine Finnen! Das sind Menschen!\u201c<\/p>\n\n\n\n<p>Warum ist diese Anekdote so sch\u00f6n?<\/p>\n\n\n\n<p>Nat\u00fcrlich zun\u00e4chst, weil wir als Erwachsene dar\u00fcber herzhaft lachen k\u00f6nnen. Aber ich habe sie deshalb ausgew\u00e4hlt, weil sie uns etwas zeigen kann. Weil sie f\u00fcr etwas Tieferes steht. Wir br\u00e4uchten<\/p>\n\n\n\n<p>alle etwas von dieser Unschuld und von dieser Unbedarftheit kleiner Kinder! F\u00fcr die all die Lieben, um sie herum nichts anderes als Menschen sind, ohne sie zu kategorisieren und mit Etiketten zu versehen.<\/p>\n\n\n\n<p>Und vielleicht ist dieser Spruch auch ein wenig symptomatisch f\u00fcr das, was wir auf lokaler Ebene in den Finnisch-Deutschen Vereinen tun und was auch der Aue-Stiftung ein Anliegen ist: die Gemeinsamkeiten zu sehen, das Verbindende zu betonen \u2013 anstatt zu trennen und Unterschiede herauszukehren.<\/p>\n\n\n\n<p>Meine Rede hat nun wahrscheinlich sehr viel l\u00e4nger gedauert, als wenn ich den KI-generierten Text vorgelesen h\u00e4tte. F\u00fcr das \u00dcberziehen der Zeit muss ich mich an dieser Stelle entschuldigen. Ich m\u00f6chte schlie\u00dfen mit einem Dank. Nicht als Zitat eines \u201ek\u00fcnstlichen Textes\u201c, sondern aus voller \u00dcberzeugung und aus tiefstem Herzen. Danke f\u00fcr diesen Preis. Ich hoffe, dass ich seiner w\u00fcrdig bin.<\/p>\n\n\n\n<p>Herzlichen Dank und <em>suurkiitokset<\/em>.<\/p>\n\n\n\n<p>[Die Rede wurde mithilfe weniger Stichworte frei gehalten. Bei dem vorliegenden Text handelt es sich um eine nachtr\u00e4gliche Verschriftung aus dem Ged\u00e4chtnis. Es gilt das gesprochen Wort.]<\/p>\n","protected":false},"template":"","class_list":["post-2924","aue-forum","type-aue-forum","status-publish","hentry"],"acf":[],"yoast_head":"<!-- This site is optimized with the Yoast SEO plugin v27.5 - https:\/\/yoast.com\/product\/yoast-seo-wordpress\/ -->\n<title>Dr. Dieter Hermann Schmitz: Dankrede anl\u00e4sslich der Verleihung des Margarethe Aue-Preises am 18.3.2025 auf der Jubil\u00e4umsfeier zum 40-j\u00e4hrigen Bestehen der Aue-Stiftung &#183; Aue-Foundation<\/title>\n<meta name=\"robots\" content=\"index, follow, max-snippet:-1, max-image-preview:large, max-video-preview:-1\" \/>\n<link rel=\"canonical\" href=\"https:\/\/www.aue-stiftung.org\/en\/aue-foorumi\/dieter-hermann-schmitz-dankrede-anlasslich-der-verleihung-des-margarethe-aue-preises-am-18-3-2025-auf-der-jubilaumsfeier-zum-40-jahrigen-bestehen-der-aue-stiftung\/\" \/>\n<meta property=\"og:locale\" content=\"en_US\" \/>\n<meta property=\"og:type\" content=\"article\" \/>\n<meta property=\"og:title\" content=\"Dr. Dieter Hermann Schmitz: Dankrede anl\u00e4sslich der Verleihung des Margarethe Aue-Preises am 18.3.2025 auf der Jubil\u00e4umsfeier zum 40-j\u00e4hrigen Bestehen der Aue-Stiftung &#183; Aue-Foundation\" \/>\n<meta property=\"og:description\" content=\"Sehr geehrte Vorstandsmitglieder der Aue-Stiftung, liebe Johanna als die Gesch\u00e4ftsf\u00fchrerin, verehrte Exzellenzen und Ehreng\u00e4ste, liebe Freundinnen und Freunde der deutschen Sprache und Kultur und des europ\u00e4ischen Gedankens, ich muss zugeben, ein wenig in Verlegenheit geraten zu sein, als ich davon erfuhr, bei dieser Gelegenheit ein paar Worte an das Publikum richten zu d\u00fcrfen. Zwar kann [&hellip;]\" \/>\n<meta property=\"og:url\" content=\"https:\/\/www.aue-stiftung.org\/en\/aue-foorumi\/dieter-hermann-schmitz-dankrede-anlasslich-der-verleihung-des-margarethe-aue-preises-am-18-3-2025-auf-der-jubilaumsfeier-zum-40-jahrigen-bestehen-der-aue-stiftung\/\" \/>\n<meta property=\"og:site_name\" content=\"Aue-Foundation\" \/>\n<meta property=\"article:publisher\" content=\"https:\/\/www.facebook.com\/Auestiftung\/\" \/>\n<meta property=\"article:modified_time\" content=\"2025-04-25T12:52:37+00:00\" \/>\n<meta property=\"og:image\" content=\"https:\/\/www.aue-stiftung.org\/wp-content\/uploads\/2025\/03\/AUE-40v-18.3.2025-2.jpg\" \/>\n\t<meta property=\"og:image:width\" content=\"2000\" \/>\n\t<meta property=\"og:image:height\" content=\"2800\" \/>\n\t<meta property=\"og:image:type\" content=\"image\/jpeg\" \/>\n<meta name=\"twitter:card\" content=\"summary_large_image\" \/>\n<meta name=\"twitter:label1\" content=\"Est. reading time\" \/>\n\t<meta name=\"twitter:data1\" content=\"7 minutes\" \/>\n<script type=\"application\/ld+json\" class=\"yoast-schema-graph\">{\"@context\":\"https:\\\/\\\/schema.org\",\"@graph\":[{\"@type\":\"WebPage\",\"@id\":\"https:\\\/\\\/www.aue-stiftung.org\\\/en\\\/aue-foorumi\\\/dieter-hermann-schmitz-dankrede-anlasslich-der-verleihung-des-margarethe-aue-preises-am-18-3-2025-auf-der-jubilaumsfeier-zum-40-jahrigen-bestehen-der-aue-stiftung\\\/\",\"url\":\"https:\\\/\\\/www.aue-stiftung.org\\\/en\\\/aue-foorumi\\\/dieter-hermann-schmitz-dankrede-anlasslich-der-verleihung-des-margarethe-aue-preises-am-18-3-2025-auf-der-jubilaumsfeier-zum-40-jahrigen-bestehen-der-aue-stiftung\\\/\",\"name\":\"Dr. Dieter Hermann Schmitz: Dankrede anl\u00e4sslich der Verleihung des Margarethe Aue-Preises am 18.3.2025 auf der Jubil\u00e4umsfeier zum 40-j\u00e4hrigen Bestehen der Aue-Stiftung &#183; Aue-Foundation\",\"isPartOf\":{\"@id\":\"https:\\\/\\\/www.aue-stiftung.org\\\/en\\\/#website\"},\"primaryImageOfPage\":{\"@id\":\"https:\\\/\\\/www.aue-stiftung.org\\\/en\\\/aue-foorumi\\\/dieter-hermann-schmitz-dankrede-anlasslich-der-verleihung-des-margarethe-aue-preises-am-18-3-2025-auf-der-jubilaumsfeier-zum-40-jahrigen-bestehen-der-aue-stiftung\\\/#primaryimage\"},\"image\":{\"@id\":\"https:\\\/\\\/www.aue-stiftung.org\\\/en\\\/aue-foorumi\\\/dieter-hermann-schmitz-dankrede-anlasslich-der-verleihung-des-margarethe-aue-preises-am-18-3-2025-auf-der-jubilaumsfeier-zum-40-jahrigen-bestehen-der-aue-stiftung\\\/#primaryimage\"},\"thumbnailUrl\":\"https:\\\/\\\/www.aue-stiftung.org\\\/wp-content\\\/uploads\\\/2025\\\/03\\\/AUE-40v-18.3.2025-2-914x1280.jpg\",\"datePublished\":\"2025-03-25T07:18:28+00:00\",\"dateModified\":\"2025-04-25T12:52:37+00:00\",\"breadcrumb\":{\"@id\":\"https:\\\/\\\/www.aue-stiftung.org\\\/en\\\/aue-foorumi\\\/dieter-hermann-schmitz-dankrede-anlasslich-der-verleihung-des-margarethe-aue-preises-am-18-3-2025-auf-der-jubilaumsfeier-zum-40-jahrigen-bestehen-der-aue-stiftung\\\/#breadcrumb\"},\"inLanguage\":\"en-US\",\"potentialAction\":[{\"@type\":\"ReadAction\",\"target\":[\"https:\\\/\\\/www.aue-stiftung.org\\\/en\\\/aue-foorumi\\\/dieter-hermann-schmitz-dankrede-anlasslich-der-verleihung-des-margarethe-aue-preises-am-18-3-2025-auf-der-jubilaumsfeier-zum-40-jahrigen-bestehen-der-aue-stiftung\\\/\"]}]},{\"@type\":\"ImageObject\",\"inLanguage\":\"en-US\",\"@id\":\"https:\\\/\\\/www.aue-stiftung.org\\\/en\\\/aue-foorumi\\\/dieter-hermann-schmitz-dankrede-anlasslich-der-verleihung-des-margarethe-aue-preises-am-18-3-2025-auf-der-jubilaumsfeier-zum-40-jahrigen-bestehen-der-aue-stiftung\\\/#primaryimage\",\"url\":\"https:\\\/\\\/www.aue-stiftung.org\\\/wp-content\\\/uploads\\\/2025\\\/03\\\/AUE-40v-18.3.2025-2-914x1280.jpg\",\"contentUrl\":\"https:\\\/\\\/www.aue-stiftung.org\\\/wp-content\\\/uploads\\\/2025\\\/03\\\/AUE-40v-18.3.2025-2-914x1280.jpg\"},{\"@type\":\"BreadcrumbList\",\"@id\":\"https:\\\/\\\/www.aue-stiftung.org\\\/en\\\/aue-foorumi\\\/dieter-hermann-schmitz-dankrede-anlasslich-der-verleihung-des-margarethe-aue-preises-am-18-3-2025-auf-der-jubilaumsfeier-zum-40-jahrigen-bestehen-der-aue-stiftung\\\/#breadcrumb\",\"itemListElement\":[{\"@type\":\"ListItem\",\"position\":1,\"name\":\"Home\",\"item\":\"https:\\\/\\\/www.aue-stiftung.org\\\/en\\\/\"},{\"@type\":\"ListItem\",\"position\":2,\"name\":\"Aue-Forum\",\"item\":\"https:\\\/\\\/www.aue-stiftung.org\\\/en\\\/aue-forum\\\/\"},{\"@type\":\"ListItem\",\"position\":3,\"name\":\"Dr. Dieter Hermann Schmitz: Dankrede anl\u00e4sslich der Verleihung des Margarethe Aue-Preises am 18.3.2025 auf der Jubil\u00e4umsfeier zum 40-j\u00e4hrigen Bestehen der Aue-Stiftung\"}]},{\"@type\":\"WebSite\",\"@id\":\"https:\\\/\\\/www.aue-stiftung.org\\\/en\\\/#website\",\"url\":\"https:\\\/\\\/www.aue-stiftung.org\\\/en\\\/\",\"name\":\"Aue-Foundation\",\"description\":\"\",\"publisher\":{\"@id\":\"https:\\\/\\\/www.aue-stiftung.org\\\/en\\\/#organization\"},\"potentialAction\":[{\"@type\":\"SearchAction\",\"target\":{\"@type\":\"EntryPoint\",\"urlTemplate\":\"https:\\\/\\\/www.aue-stiftung.org\\\/en\\\/?s={search_term_string}\"},\"query-input\":{\"@type\":\"PropertyValueSpecification\",\"valueRequired\":true,\"valueName\":\"search_term_string\"}}],\"inLanguage\":\"en-US\"},{\"@type\":\"Organization\",\"@id\":\"https:\\\/\\\/www.aue-stiftung.org\\\/en\\\/#organization\",\"name\":\"Aue-S\u00e4\u00e4ti\u00f6\",\"url\":\"https:\\\/\\\/www.aue-stiftung.org\\\/en\\\/\",\"logo\":{\"@type\":\"ImageObject\",\"inLanguage\":\"en-US\",\"@id\":\"https:\\\/\\\/www.aue-stiftung.org\\\/en\\\/#\\\/schema\\\/logo\\\/image\\\/\",\"url\":\"https:\\\/\\\/www.aue-stiftung.org\\\/wp-content\\\/uploads\\\/aue-logo-header-1.svg\",\"contentUrl\":\"https:\\\/\\\/www.aue-stiftung.org\\\/wp-content\\\/uploads\\\/aue-logo-header-1.svg\",\"width\":61,\"height\":57,\"caption\":\"Aue-S\u00e4\u00e4ti\u00f6\"},\"image\":{\"@id\":\"https:\\\/\\\/www.aue-stiftung.org\\\/en\\\/#\\\/schema\\\/logo\\\/image\\\/\"},\"sameAs\":[\"https:\\\/\\\/www.facebook.com\\\/Auestiftung\\\/\",\"https:\\\/\\\/www.instagram.com\\\/auesaatio\\\/\",\"https:\\\/\\\/www.youtube.com\\\/channel\\\/UCBs3420HmSwk9w4MaRF83zA\"]}]}<\/script>\n<!-- \/ Yoast SEO plugin. -->","yoast_head_json":{"title":"Dr. Dieter Hermann Schmitz: Dankrede anl\u00e4sslich der Verleihung des Margarethe Aue-Preises am 18.3.2025 auf der Jubil\u00e4umsfeier zum 40-j\u00e4hrigen Bestehen der Aue-Stiftung &#183; Aue-Foundation","robots":{"index":"index","follow":"follow","max-snippet":"max-snippet:-1","max-image-preview":"max-image-preview:large","max-video-preview":"max-video-preview:-1"},"canonical":"https:\/\/www.aue-stiftung.org\/en\/aue-foorumi\/dieter-hermann-schmitz-dankrede-anlasslich-der-verleihung-des-margarethe-aue-preises-am-18-3-2025-auf-der-jubilaumsfeier-zum-40-jahrigen-bestehen-der-aue-stiftung\/","og_locale":"en_US","og_type":"article","og_title":"Dr. Dieter Hermann Schmitz: Dankrede anl\u00e4sslich der Verleihung des Margarethe Aue-Preises am 18.3.2025 auf der Jubil\u00e4umsfeier zum 40-j\u00e4hrigen Bestehen der Aue-Stiftung &#183; Aue-Foundation","og_description":"Sehr geehrte Vorstandsmitglieder der Aue-Stiftung, liebe Johanna als die Gesch\u00e4ftsf\u00fchrerin, verehrte Exzellenzen und Ehreng\u00e4ste, liebe Freundinnen und Freunde der deutschen Sprache und Kultur und des europ\u00e4ischen Gedankens, ich muss zugeben, ein wenig in Verlegenheit geraten zu sein, als ich davon erfuhr, bei dieser Gelegenheit ein paar Worte an das Publikum richten zu d\u00fcrfen. Zwar kann [&hellip;]","og_url":"https:\/\/www.aue-stiftung.org\/en\/aue-foorumi\/dieter-hermann-schmitz-dankrede-anlasslich-der-verleihung-des-margarethe-aue-preises-am-18-3-2025-auf-der-jubilaumsfeier-zum-40-jahrigen-bestehen-der-aue-stiftung\/","og_site_name":"Aue-Foundation","article_publisher":"https:\/\/www.facebook.com\/Auestiftung\/","article_modified_time":"2025-04-25T12:52:37+00:00","og_image":[{"width":2000,"height":2800,"url":"https:\/\/www.aue-stiftung.org\/wp-content\/uploads\/2025\/03\/AUE-40v-18.3.2025-2.jpg","type":"image\/jpeg"}],"twitter_card":"summary_large_image","twitter_misc":{"Est. reading time":"7 minutes"},"schema":{"@context":"https:\/\/schema.org","@graph":[{"@type":"WebPage","@id":"https:\/\/www.aue-stiftung.org\/en\/aue-foorumi\/dieter-hermann-schmitz-dankrede-anlasslich-der-verleihung-des-margarethe-aue-preises-am-18-3-2025-auf-der-jubilaumsfeier-zum-40-jahrigen-bestehen-der-aue-stiftung\/","url":"https:\/\/www.aue-stiftung.org\/en\/aue-foorumi\/dieter-hermann-schmitz-dankrede-anlasslich-der-verleihung-des-margarethe-aue-preises-am-18-3-2025-auf-der-jubilaumsfeier-zum-40-jahrigen-bestehen-der-aue-stiftung\/","name":"Dr. Dieter Hermann Schmitz: Dankrede anl\u00e4sslich der Verleihung des Margarethe Aue-Preises am 18.3.2025 auf der Jubil\u00e4umsfeier zum 40-j\u00e4hrigen Bestehen der Aue-Stiftung &#183; Aue-Foundation","isPartOf":{"@id":"https:\/\/www.aue-stiftung.org\/en\/#website"},"primaryImageOfPage":{"@id":"https:\/\/www.aue-stiftung.org\/en\/aue-foorumi\/dieter-hermann-schmitz-dankrede-anlasslich-der-verleihung-des-margarethe-aue-preises-am-18-3-2025-auf-der-jubilaumsfeier-zum-40-jahrigen-bestehen-der-aue-stiftung\/#primaryimage"},"image":{"@id":"https:\/\/www.aue-stiftung.org\/en\/aue-foorumi\/dieter-hermann-schmitz-dankrede-anlasslich-der-verleihung-des-margarethe-aue-preises-am-18-3-2025-auf-der-jubilaumsfeier-zum-40-jahrigen-bestehen-der-aue-stiftung\/#primaryimage"},"thumbnailUrl":"https:\/\/www.aue-stiftung.org\/wp-content\/uploads\/2025\/03\/AUE-40v-18.3.2025-2-914x1280.jpg","datePublished":"2025-03-25T07:18:28+00:00","dateModified":"2025-04-25T12:52:37+00:00","breadcrumb":{"@id":"https:\/\/www.aue-stiftung.org\/en\/aue-foorumi\/dieter-hermann-schmitz-dankrede-anlasslich-der-verleihung-des-margarethe-aue-preises-am-18-3-2025-auf-der-jubilaumsfeier-zum-40-jahrigen-bestehen-der-aue-stiftung\/#breadcrumb"},"inLanguage":"en-US","potentialAction":[{"@type":"ReadAction","target":["https:\/\/www.aue-stiftung.org\/en\/aue-foorumi\/dieter-hermann-schmitz-dankrede-anlasslich-der-verleihung-des-margarethe-aue-preises-am-18-3-2025-auf-der-jubilaumsfeier-zum-40-jahrigen-bestehen-der-aue-stiftung\/"]}]},{"@type":"ImageObject","inLanguage":"en-US","@id":"https:\/\/www.aue-stiftung.org\/en\/aue-foorumi\/dieter-hermann-schmitz-dankrede-anlasslich-der-verleihung-des-margarethe-aue-preises-am-18-3-2025-auf-der-jubilaumsfeier-zum-40-jahrigen-bestehen-der-aue-stiftung\/#primaryimage","url":"https:\/\/www.aue-stiftung.org\/wp-content\/uploads\/2025\/03\/AUE-40v-18.3.2025-2-914x1280.jpg","contentUrl":"https:\/\/www.aue-stiftung.org\/wp-content\/uploads\/2025\/03\/AUE-40v-18.3.2025-2-914x1280.jpg"},{"@type":"BreadcrumbList","@id":"https:\/\/www.aue-stiftung.org\/en\/aue-foorumi\/dieter-hermann-schmitz-dankrede-anlasslich-der-verleihung-des-margarethe-aue-preises-am-18-3-2025-auf-der-jubilaumsfeier-zum-40-jahrigen-bestehen-der-aue-stiftung\/#breadcrumb","itemListElement":[{"@type":"ListItem","position":1,"name":"Home","item":"https:\/\/www.aue-stiftung.org\/en\/"},{"@type":"ListItem","position":2,"name":"Aue-Forum","item":"https:\/\/www.aue-stiftung.org\/en\/aue-forum\/"},{"@type":"ListItem","position":3,"name":"Dr. Dieter Hermann Schmitz: Dankrede anl\u00e4sslich der Verleihung des Margarethe Aue-Preises am 18.3.2025 auf der Jubil\u00e4umsfeier zum 40-j\u00e4hrigen Bestehen der Aue-Stiftung"}]},{"@type":"WebSite","@id":"https:\/\/www.aue-stiftung.org\/en\/#website","url":"https:\/\/www.aue-stiftung.org\/en\/","name":"Aue-Foundation","description":"","publisher":{"@id":"https:\/\/www.aue-stiftung.org\/en\/#organization"},"potentialAction":[{"@type":"SearchAction","target":{"@type":"EntryPoint","urlTemplate":"https:\/\/www.aue-stiftung.org\/en\/?s={search_term_string}"},"query-input":{"@type":"PropertyValueSpecification","valueRequired":true,"valueName":"search_term_string"}}],"inLanguage":"en-US"},{"@type":"Organization","@id":"https:\/\/www.aue-stiftung.org\/en\/#organization","name":"Aue-S\u00e4\u00e4ti\u00f6","url":"https:\/\/www.aue-stiftung.org\/en\/","logo":{"@type":"ImageObject","inLanguage":"en-US","@id":"https:\/\/www.aue-stiftung.org\/en\/#\/schema\/logo\/image\/","url":"https:\/\/www.aue-stiftung.org\/wp-content\/uploads\/aue-logo-header-1.svg","contentUrl":"https:\/\/www.aue-stiftung.org\/wp-content\/uploads\/aue-logo-header-1.svg","width":61,"height":57,"caption":"Aue-S\u00e4\u00e4ti\u00f6"},"image":{"@id":"https:\/\/www.aue-stiftung.org\/en\/#\/schema\/logo\/image\/"},"sameAs":["https:\/\/www.facebook.com\/Auestiftung\/","https:\/\/www.instagram.com\/auesaatio\/","https:\/\/www.youtube.com\/channel\/UCBs3420HmSwk9w4MaRF83zA"]}]}},"_links":{"self":[{"href":"https:\/\/www.aue-stiftung.org\/en\/wp-json\/wp\/v2\/aue-forum\/2924","targetHints":{"allow":["GET"]}}],"collection":[{"href":"https:\/\/www.aue-stiftung.org\/en\/wp-json\/wp\/v2\/aue-forum"}],"about":[{"href":"https:\/\/www.aue-stiftung.org\/en\/wp-json\/wp\/v2\/types\/aue-forum"}],"version-history":[{"count":3,"href":"https:\/\/www.aue-stiftung.org\/en\/wp-json\/wp\/v2\/aue-forum\/2924\/revisions"}],"predecessor-version":[{"id":2970,"href":"https:\/\/www.aue-stiftung.org\/en\/wp-json\/wp\/v2\/aue-forum\/2924\/revisions\/2970"}],"wp:attachment":[{"href":"https:\/\/www.aue-stiftung.org\/en\/wp-json\/wp\/v2\/media?parent=2924"}],"curies":[{"name":"wp","href":"https:\/\/api.w.org\/{rel}","templated":true}]}}