{"id":238,"date":"2019-04-12T17:54:00","date_gmt":"2019-04-12T14:54:00","guid":{"rendered":"http:\/\/www.aue-stiftung.org\/wordpress\/?post_type=symposium&#038;p=238"},"modified":"2019-09-30T23:39:31","modified_gmt":"2019-09-30T20:39:31","slug":"18-3-2019-mista-puhutaan-saksankielisessa-euroopassa","status":"publish","type":"symposium","link":"https:\/\/www.aue-stiftung.org\/en\/aue-symposium\/18-3-2019-mista-puhutaan-saksankielisessa-euroopassa\/","title":{"rendered":"18.3.2019: Mist\u00e4 puhutaan saksankielisess\u00e4 Euroopassa"},"content":{"rendered":"\n<p>Aue-S\u00e4\u00e4ti\u00f6 j\u00e4rjesti 18. maaliskuuta toisen symposiumin aiheella ilmastonmuutos ja ilmastopolitiikka. Tapahtuma j\u00e4rjestettiin Castr\u00e9n &amp; Snellman \u2013lakiasiaintoimistossa ja tapahtumaan saapui j\u00e4lleen kerran paljon kutsuttuja ilmasto- ja ymp\u00e4rist\u00f6tieteist\u00e4, rahoitus- sek\u00e4 yritysalalta, akateemikkoja ja virkailijoita sek\u00e4 poliitikkoja.<\/p>\n\n\n\n<p>Tervetulosanojen ja johdannon j\u00e4lkeen puhui ensin <strong>Christian K\u00f6rner<\/strong>, professori emeritus Baselin yliopistolta, Sveitsist\u00e4, jossa h\u00e4n oli johtajana botaniikan laitoksella 1989-2014. H\u00e4nen tutkimusalueeseen kuuluvat fysiologinen kasviekologia, ekosysteemien ekologia ja biodiversiteetti. H\u00e4n on ty\u00f6skennellyt kaikilla ilmastoalueilla mukaan lukien tropiikit ja arktiset alueet. H\u00e4nen vuoristotutkimuksensa k\u00e4sittelev\u00e4t vuoristokasvillisuutta ja syit\u00e4 Alppien ja arktisen alueen puurajoille. Professori K\u00f6rner on Alppien ekosysteemien ja aikuisten, lauhkean vy\u00f6hykkeen puiden CO2-pitoisuuden tutkimuksen pioneeri. Esitelm\u00e4ss\u00e4\u00e4n <a href=\"https:\/\/youtu.be\/qaDfn2tt7GQ\" target=\"_blank\" rel=\"noreferrer noopener\" aria-label=\"\u201dIlmastonmuutos ja puiden termiset rajat\u201d (opens in a new tab)\">\u201dIlmastonmuutos ja puiden termiset rajat\u201d<\/a> h\u00e4n havainnollisti vakuuttavasti haasteita, joita kohtaamme sek\u00e4 Euroopassa ett\u00e4 globaalisti.<\/p>\n\n\n\n<p>Toisessa esitelm\u00e4ss\u00e4 puhui professori <strong>Petteri Taalas<\/strong>, Sveitsin Genevess\u00e4 sijaitsevan Maailman ilmatieteen j\u00e4rjest\u00f6n (World Meteorological Organization, WMO) p\u00e4\u00e4sihteeri. H\u00e4n k\u00e4sitteli esitelm\u00e4ss\u00e4\u00e4n aihetta <a href=\"https:\/\/youtu.be\/2LG_2TRPO28\" target=\"_blank\" rel=\"noreferrer noopener\" aria-label=\"\u201dIlmastonmuutos, globaalit n\u00e4k\u00f6kulmat\u201d (opens in a new tab)\">\u201dIlmastonmuutos, globaalit n\u00e4k\u00f6kulmat\u201d<\/a>. Petteri Taalas on tutkinut ilman saastumista, otsonia sek\u00e4 ilmasto- ja satelliittiteknologiaa. Moninaisten muiden teht\u00e4vien ohella h\u00e4n on saattanut Suomen Ilmatieteen laitoksen johtavaksi s\u00e4\u00e4-, ilmasto- ja merenkulkupalveluksi ja tutkimuslaitokseksi ja perustanut kansallisen ennakkovaroituskeskuksen, joka perustuu meteorologialle, hydrologialle, geofysiikalle ja oseanografialle.<\/p>\n\n\n\n<p>Molemmat puhujat korostivat sanomaa, ettei ratkaisu globaalin ilmaston l\u00e4mpenemisen pys\u00e4ytt\u00e4miselle ole pelk\u00e4st\u00e4\u00e4n vihre\u00e4. CO2:n ja v\u00e4est\u00f6nkasvun v\u00e4hent\u00e4minen ovat keskeisi\u00e4 ratkaisulle. Vihre\u00e4t ratkaisut voivat olla avuksi, mutta eiv\u00e4t kykene sitomaan CO2-fossiileita kokonaan. Tai professori K\u00f6rnerin sanoin: <em>\u201dFossil CO2 released by society can hardly be absorbed by forests, but the use of timber products can slow the release.\u201d<\/em><\/p>\n\n\n\n<p>El\u00e4v\u00e4\u00e4 keskustelua moderoi professori <strong>Marja Makarow<\/strong>, Biocenter Finlandin johtaja.<\/p>\n\n\n\n<h3 class=\"wp-block-heading\">Esitelmien videotaltioinnit<\/h3>\n\n\n\n<h4 class=\"wp-block-heading\">Juha V\u00e4yrysen (Castr\u00e9n &amp; Snellman, Aue-S\u00e4\u00e4ti\u00f6) avaavat sanat <\/h4>\n\n\n\n<figure class=\"wp-block-embed-youtube wp-block-embed is-type-video is-provider-youtube wp-embed-aspect-16-9 wp-has-aspect-ratio\"><div class=\"wp-block-embed__wrapper\">\n<iframe loading=\"lazy\" title=\"Opening Remarks, Juha V\u00e4yrynen (Castr\u00e9n &amp; Snellman, Aue-Foundation))\" width=\"500\" height=\"281\" src=\"https:\/\/www.youtube.com\/embed\/3KUY_JxazyI?feature=oembed\" frameborder=\"0\" allow=\"accelerometer; autoplay; clipboard-write; encrypted-media; gyroscope; picture-in-picture; web-share\" referrerpolicy=\"strict-origin-when-cross-origin\" allowfullscreen><\/iframe>\n<\/div><\/figure>\n\n\n\n<h4 class=\"wp-block-heading\"> Professori Christian K\u00f6rner<\/h4>\n\n\n\n<figure class=\"wp-block-embed-youtube wp-block-embed is-type-video is-provider-youtube wp-embed-aspect-16-9 wp-has-aspect-ratio\"><div class=\"wp-block-embed__wrapper\">\n<iframe loading=\"lazy\" title=\"Prof. Christian K\u00f6rner (University of Basel): &quot;Climate change and the thermal limits of trees&quot;\" width=\"500\" height=\"281\" src=\"https:\/\/www.youtube.com\/embed\/qaDfn2tt7GQ?feature=oembed\" frameborder=\"0\" allow=\"accelerometer; autoplay; clipboard-write; encrypted-media; gyroscope; picture-in-picture; web-share\" referrerpolicy=\"strict-origin-when-cross-origin\" allowfullscreen><\/iframe>\n<\/div><\/figure>\n\n\n\n<h4 class=\"wp-block-heading\"> Professori  Petteri Taalas<\/h4>\n\n\n\n<figure class=\"wp-block-embed-youtube wp-block-embed is-type-video is-provider-youtube wp-embed-aspect-16-9 wp-has-aspect-ratio\"><div class=\"wp-block-embed__wrapper\">\n<iframe loading=\"lazy\" title=\"Prof. Petteri Taalas, Secretary General WMO: &quot;Climate change, global perspectives&quot;\" width=\"500\" height=\"281\" src=\"https:\/\/www.youtube.com\/embed\/2LG_2TRPO28?feature=oembed\" frameborder=\"0\" allow=\"accelerometer; autoplay; clipboard-write; encrypted-media; gyroscope; picture-in-picture; web-share\" referrerpolicy=\"strict-origin-when-cross-origin\" allowfullscreen><\/iframe>\n<\/div><\/figure>\n\n\n\n<h4 class=\"wp-block-heading\">Keskustelu<\/h4>\n\n\n\n<figure class=\"wp-block-embed-youtube wp-block-embed is-type-video is-provider-youtube wp-embed-aspect-16-9 wp-has-aspect-ratio\"><div class=\"wp-block-embed__wrapper\">\n<iframe loading=\"lazy\" title=\"Discussion following the Speeches by Prof. K\u00f6rner and Prof. Taalas\" width=\"500\" height=\"281\" src=\"https:\/\/www.youtube.com\/embed\/4m7y8qvu2zc?feature=oembed\" frameborder=\"0\" allow=\"accelerometer; autoplay; clipboard-write; encrypted-media; gyroscope; picture-in-picture; web-share\" referrerpolicy=\"strict-origin-when-cross-origin\" allowfullscreen><\/iframe>\n<\/div><\/figure>\n","protected":false},"template":"","class_list":["post-238","symposium","type-symposium","status-publish","hentry"],"acf":[],"yoast_head":"<!-- This site is optimized with the Yoast SEO plugin v27.5 - https:\/\/yoast.com\/product\/yoast-seo-wordpress\/ -->\n<title>Aue-Symposium 18.3.2019: Mist\u00e4 puhutaan saksankielisess\u00e4 Euroopassa \u2013 Ilmastonmuutos ja ilmastopolitiikka &#183; Aue-Foundation<\/title>\n<meta name=\"robots\" content=\"index, follow, max-snippet:-1, max-image-preview:large, max-video-preview:-1\" \/>\n<link rel=\"canonical\" href=\"https:\/\/www.aue-stiftung.org\/en\/aue-symposium\/18-3-2019-mista-puhutaan-saksankielisessa-euroopassa\/\" \/>\n<meta property=\"og:locale\" content=\"en_US\" \/>\n<meta property=\"og:type\" content=\"article\" \/>\n<meta property=\"og:title\" content=\"Aue-Symposium 18.3.2019: Mist\u00e4 puhutaan saksankielisess\u00e4 Euroopassa \u2013 Ilmastonmuutos ja ilmastopolitiikka &#183; Aue-Foundation\" \/>\n<meta property=\"og:description\" content=\"Aue-S\u00e4\u00e4ti\u00f6 j\u00e4rjesti 18. maaliskuuta toisen symposiumin aiheella ilmastonmuutos ja ilmastopolitiikka. Tapahtuma j\u00e4rjestettiin Castr\u00e9n &amp; Snellman \u2013lakiasiaintoimistossa ja tapahtumaan saapui j\u00e4lleen kerran paljon kutsuttuja ilmasto- ja ymp\u00e4rist\u00f6tieteist\u00e4, rahoitus- sek\u00e4 yritysalalta, akateemikkoja ja virkailijoita sek\u00e4 poliitikkoja. Tervetulosanojen ja johdannon j\u00e4lkeen puhui ensin Christian K\u00f6rner, professori emeritus Baselin yliopistolta, Sveitsist\u00e4, jossa h\u00e4n oli johtajana botaniikan laitoksella 1989-2014. H\u00e4nen [&hellip;]\" \/>\n<meta property=\"og:url\" content=\"https:\/\/www.aue-stiftung.org\/en\/aue-symposium\/18-3-2019-mista-puhutaan-saksankielisessa-euroopassa\/\" \/>\n<meta property=\"og:site_name\" content=\"Aue-Foundation\" \/>\n<meta property=\"article:publisher\" content=\"https:\/\/www.facebook.com\/Auestiftung\/\" \/>\n<meta property=\"article:modified_time\" content=\"2019-09-30T20:39:31+00:00\" \/>\n<meta property=\"og:image\" content=\"https:\/\/www.aue-stiftung.org\/wp-content\/uploads\/aue-some-default.jpg\" \/>\n\t<meta property=\"og:image:width\" content=\"1200\" \/>\n\t<meta property=\"og:image:height\" content=\"628\" \/>\n\t<meta property=\"og:image:type\" content=\"image\/jpeg\" \/>\n<meta name=\"twitter:card\" content=\"summary_large_image\" \/>\n<meta name=\"twitter:label1\" content=\"Est. reading time\" \/>\n\t<meta name=\"twitter:data1\" content=\"2 minutes\" \/>\n<script type=\"application\/ld+json\" class=\"yoast-schema-graph\">{\"@context\":\"https:\\\/\\\/schema.org\",\"@graph\":[{\"@type\":\"WebPage\",\"@id\":\"https:\\\/\\\/www.aue-stiftung.org\\\/en\\\/aue-symposium\\\/18-3-2019-mista-puhutaan-saksankielisessa-euroopassa\\\/\",\"url\":\"https:\\\/\\\/www.aue-stiftung.org\\\/en\\\/aue-symposium\\\/18-3-2019-mista-puhutaan-saksankielisessa-euroopassa\\\/\",\"name\":\"Aue-Symposium 18.3.2019: Mist\u00e4 puhutaan saksankielisess\u00e4 Euroopassa \u2013 Ilmastonmuutos ja ilmastopolitiikka &#183; Aue-Foundation\",\"isPartOf\":{\"@id\":\"https:\\\/\\\/www.aue-stiftung.org\\\/en\\\/#website\"},\"datePublished\":\"2019-04-12T14:54:00+00:00\",\"dateModified\":\"2019-09-30T20:39:31+00:00\",\"breadcrumb\":{\"@id\":\"https:\\\/\\\/www.aue-stiftung.org\\\/en\\\/aue-symposium\\\/18-3-2019-mista-puhutaan-saksankielisessa-euroopassa\\\/#breadcrumb\"},\"inLanguage\":\"en-US\",\"potentialAction\":[{\"@type\":\"ReadAction\",\"target\":[\"https:\\\/\\\/www.aue-stiftung.org\\\/en\\\/aue-symposium\\\/18-3-2019-mista-puhutaan-saksankielisessa-euroopassa\\\/\"]}]},{\"@type\":\"BreadcrumbList\",\"@id\":\"https:\\\/\\\/www.aue-stiftung.org\\\/en\\\/aue-symposium\\\/18-3-2019-mista-puhutaan-saksankielisessa-euroopassa\\\/#breadcrumb\",\"itemListElement\":[{\"@type\":\"ListItem\",\"position\":1,\"name\":\"Home\",\"item\":\"https:\\\/\\\/www.aue-stiftung.org\\\/en\\\/\"},{\"@type\":\"ListItem\",\"position\":2,\"name\":\"18.3.2019: Mist\u00e4 puhutaan saksankielisess\u00e4 Euroopassa\"}]},{\"@type\":\"WebSite\",\"@id\":\"https:\\\/\\\/www.aue-stiftung.org\\\/en\\\/#website\",\"url\":\"https:\\\/\\\/www.aue-stiftung.org\\\/en\\\/\",\"name\":\"Aue-Foundation\",\"description\":\"\",\"publisher\":{\"@id\":\"https:\\\/\\\/www.aue-stiftung.org\\\/en\\\/#organization\"},\"potentialAction\":[{\"@type\":\"SearchAction\",\"target\":{\"@type\":\"EntryPoint\",\"urlTemplate\":\"https:\\\/\\\/www.aue-stiftung.org\\\/en\\\/?s={search_term_string}\"},\"query-input\":{\"@type\":\"PropertyValueSpecification\",\"valueRequired\":true,\"valueName\":\"search_term_string\"}}],\"inLanguage\":\"en-US\"},{\"@type\":\"Organization\",\"@id\":\"https:\\\/\\\/www.aue-stiftung.org\\\/en\\\/#organization\",\"name\":\"Aue-S\u00e4\u00e4ti\u00f6\",\"url\":\"https:\\\/\\\/www.aue-stiftung.org\\\/en\\\/\",\"logo\":{\"@type\":\"ImageObject\",\"inLanguage\":\"en-US\",\"@id\":\"https:\\\/\\\/www.aue-stiftung.org\\\/en\\\/#\\\/schema\\\/logo\\\/image\\\/\",\"url\":\"https:\\\/\\\/www.aue-stiftung.org\\\/wp-content\\\/uploads\\\/aue-logo-header-1.svg\",\"contentUrl\":\"https:\\\/\\\/www.aue-stiftung.org\\\/wp-content\\\/uploads\\\/aue-logo-header-1.svg\",\"width\":61,\"height\":57,\"caption\":\"Aue-S\u00e4\u00e4ti\u00f6\"},\"image\":{\"@id\":\"https:\\\/\\\/www.aue-stiftung.org\\\/en\\\/#\\\/schema\\\/logo\\\/image\\\/\"},\"sameAs\":[\"https:\\\/\\\/www.facebook.com\\\/Auestiftung\\\/\",\"https:\\\/\\\/www.instagram.com\\\/auesaatio\\\/\",\"https:\\\/\\\/www.youtube.com\\\/channel\\\/UCBs3420HmSwk9w4MaRF83zA\"]}]}<\/script>\n<!-- \/ Yoast SEO plugin. -->","yoast_head_json":{"title":"Aue-Symposium 18.3.2019: Mist\u00e4 puhutaan saksankielisess\u00e4 Euroopassa \u2013 Ilmastonmuutos ja ilmastopolitiikka &#183; Aue-Foundation","robots":{"index":"index","follow":"follow","max-snippet":"max-snippet:-1","max-image-preview":"max-image-preview:large","max-video-preview":"max-video-preview:-1"},"canonical":"https:\/\/www.aue-stiftung.org\/en\/aue-symposium\/18-3-2019-mista-puhutaan-saksankielisessa-euroopassa\/","og_locale":"en_US","og_type":"article","og_title":"Aue-Symposium 18.3.2019: Mist\u00e4 puhutaan saksankielisess\u00e4 Euroopassa \u2013 Ilmastonmuutos ja ilmastopolitiikka &#183; Aue-Foundation","og_description":"Aue-S\u00e4\u00e4ti\u00f6 j\u00e4rjesti 18. maaliskuuta toisen symposiumin aiheella ilmastonmuutos ja ilmastopolitiikka. Tapahtuma j\u00e4rjestettiin Castr\u00e9n &amp; Snellman \u2013lakiasiaintoimistossa ja tapahtumaan saapui j\u00e4lleen kerran paljon kutsuttuja ilmasto- ja ymp\u00e4rist\u00f6tieteist\u00e4, rahoitus- sek\u00e4 yritysalalta, akateemikkoja ja virkailijoita sek\u00e4 poliitikkoja. Tervetulosanojen ja johdannon j\u00e4lkeen puhui ensin Christian K\u00f6rner, professori emeritus Baselin yliopistolta, Sveitsist\u00e4, jossa h\u00e4n oli johtajana botaniikan laitoksella 1989-2014. H\u00e4nen [&hellip;]","og_url":"https:\/\/www.aue-stiftung.org\/en\/aue-symposium\/18-3-2019-mista-puhutaan-saksankielisessa-euroopassa\/","og_site_name":"Aue-Foundation","article_publisher":"https:\/\/www.facebook.com\/Auestiftung\/","article_modified_time":"2019-09-30T20:39:31+00:00","og_image":[{"width":1200,"height":628,"url":"https:\/\/www.aue-stiftung.org\/wp-content\/uploads\/aue-some-default.jpg","type":"image\/jpeg"}],"twitter_card":"summary_large_image","twitter_misc":{"Est. reading time":"2 minutes"},"schema":{"@context":"https:\/\/schema.org","@graph":[{"@type":"WebPage","@id":"https:\/\/www.aue-stiftung.org\/en\/aue-symposium\/18-3-2019-mista-puhutaan-saksankielisessa-euroopassa\/","url":"https:\/\/www.aue-stiftung.org\/en\/aue-symposium\/18-3-2019-mista-puhutaan-saksankielisessa-euroopassa\/","name":"Aue-Symposium 18.3.2019: Mist\u00e4 puhutaan saksankielisess\u00e4 Euroopassa \u2013 Ilmastonmuutos ja ilmastopolitiikka &#183; Aue-Foundation","isPartOf":{"@id":"https:\/\/www.aue-stiftung.org\/en\/#website"},"datePublished":"2019-04-12T14:54:00+00:00","dateModified":"2019-09-30T20:39:31+00:00","breadcrumb":{"@id":"https:\/\/www.aue-stiftung.org\/en\/aue-symposium\/18-3-2019-mista-puhutaan-saksankielisessa-euroopassa\/#breadcrumb"},"inLanguage":"en-US","potentialAction":[{"@type":"ReadAction","target":["https:\/\/www.aue-stiftung.org\/en\/aue-symposium\/18-3-2019-mista-puhutaan-saksankielisessa-euroopassa\/"]}]},{"@type":"BreadcrumbList","@id":"https:\/\/www.aue-stiftung.org\/en\/aue-symposium\/18-3-2019-mista-puhutaan-saksankielisessa-euroopassa\/#breadcrumb","itemListElement":[{"@type":"ListItem","position":1,"name":"Home","item":"https:\/\/www.aue-stiftung.org\/en\/"},{"@type":"ListItem","position":2,"name":"18.3.2019: Mist\u00e4 puhutaan saksankielisess\u00e4 Euroopassa"}]},{"@type":"WebSite","@id":"https:\/\/www.aue-stiftung.org\/en\/#website","url":"https:\/\/www.aue-stiftung.org\/en\/","name":"Aue-Foundation","description":"","publisher":{"@id":"https:\/\/www.aue-stiftung.org\/en\/#organization"},"potentialAction":[{"@type":"SearchAction","target":{"@type":"EntryPoint","urlTemplate":"https:\/\/www.aue-stiftung.org\/en\/?s={search_term_string}"},"query-input":{"@type":"PropertyValueSpecification","valueRequired":true,"valueName":"search_term_string"}}],"inLanguage":"en-US"},{"@type":"Organization","@id":"https:\/\/www.aue-stiftung.org\/en\/#organization","name":"Aue-S\u00e4\u00e4ti\u00f6","url":"https:\/\/www.aue-stiftung.org\/en\/","logo":{"@type":"ImageObject","inLanguage":"en-US","@id":"https:\/\/www.aue-stiftung.org\/en\/#\/schema\/logo\/image\/","url":"https:\/\/www.aue-stiftung.org\/wp-content\/uploads\/aue-logo-header-1.svg","contentUrl":"https:\/\/www.aue-stiftung.org\/wp-content\/uploads\/aue-logo-header-1.svg","width":61,"height":57,"caption":"Aue-S\u00e4\u00e4ti\u00f6"},"image":{"@id":"https:\/\/www.aue-stiftung.org\/en\/#\/schema\/logo\/image\/"},"sameAs":["https:\/\/www.facebook.com\/Auestiftung\/","https:\/\/www.instagram.com\/auesaatio\/","https:\/\/www.youtube.com\/channel\/UCBs3420HmSwk9w4MaRF83zA"]}]}},"_links":{"self":[{"href":"https:\/\/www.aue-stiftung.org\/en\/wp-json\/wp\/v2\/symposium\/238","targetHints":{"allow":["GET"]}}],"collection":[{"href":"https:\/\/www.aue-stiftung.org\/en\/wp-json\/wp\/v2\/symposium"}],"about":[{"href":"https:\/\/www.aue-stiftung.org\/en\/wp-json\/wp\/v2\/types\/symposium"}],"version-history":[{"count":6,"href":"https:\/\/www.aue-stiftung.org\/en\/wp-json\/wp\/v2\/symposium\/238\/revisions"}],"predecessor-version":[{"id":1082,"href":"https:\/\/www.aue-stiftung.org\/en\/wp-json\/wp\/v2\/symposium\/238\/revisions\/1082"}],"wp:attachment":[{"href":"https:\/\/www.aue-stiftung.org\/en\/wp-json\/wp\/v2\/media?parent=238"}],"curies":[{"name":"wp","href":"https:\/\/api.w.org\/{rel}","templated":true}]}}